{"id":6883,"date":"2025-04-02T12:37:11","date_gmt":"2025-04-02T12:37:11","guid":{"rendered":"https:\/\/www.elracodemilu.com\/?page_id=6883"},"modified":"2025-10-07T11:32:07","modified_gmt":"2025-10-07T11:32:07","slug":"guarderia-canina-nueva","status":"publish","type":"page","link":"https:\/\/www.elracodemilu.com\/ca\/guarderia-canina-nueva\/","title":{"rendered":"Guarder\u00eda canina educativa"},"content":{"rendered":"<div data-elementor-type=\"wp-page\" data-elementor-id=\"6883\" class=\"elementor elementor-6883\" data-elementor-post-type=\"page\">\n\t\t\t\t\t\t<section class=\"elementor-section elementor-top-section elementor-element elementor-element-cdaa0c3 elementor-section-full_width elementor-section-height-default elementor-section-height-default\" data-id=\"cdaa0c3\" data-element_type=\"section\">\n\t\t\t\t\t\t<div class=\"elementor-container elementor-column-gap-default\">\n\t\t\t\t\t<div class=\"elementor-column elementor-col-100 elementor-top-column elementor-element elementor-element-c945d92\" data-id=\"c945d92\" data-element_type=\"column\">\n\t\t\t<div class=\"elementor-widget-wrap elementor-element-populated\">\n\t\t\t\t\t\t<div class=\"elementor-element elementor-element-db02a1b elementor--h-position-center elementor--v-position-middle elementor-arrows-position-inside elementor-pagination-position-inside elementor-widget elementor-widget-slides\" data-id=\"db02a1b\" data-element_type=\"widget\" data-settings=\"{&quot;navigation&quot;:&quot;both&quot;,&quot;autoplay&quot;:&quot;yes&quot;,&quot;pause_on_hover&quot;:&quot;yes&quot;,&quot;pause_on_interaction&quot;:&quot;yes&quot;,&quot;autoplay_speed&quot;:5000,&quot;infinite&quot;:&quot;yes&quot;,&quot;transition&quot;:&quot;slide&quot;,&quot;transition_speed&quot;:500}\" data-widget_type=\"slides.default\">\n\t\t\t\t<div class=\"elementor-widget-container\">\n\t\t\t\t\t\t\t\t\t<div class=\"elementor-swiper\">\n\t\t\t\t\t<div class=\"elementor-slides-wrapper elementor-main-swiper swiper\" role=\"region\" aria-roledescription=\"carousel\" aria-label=\"Slides\" dir=\"ltr\" data-animation=\"fadeInUp\">\n\t\t\t\t<div class=\"swiper-wrapper elementor-slides\">\n\t\t\t\t\t\t\t\t\t\t<div class=\"elementor-repeater-item-a8a94d5 swiper-slide\" role=\"group\" aria-roledescription=\"slide\"><div class=\"swiper-slide-bg\" role=\"img\"><\/div><a class=\"swiper-slide-inner\" href=\"#guarder\u00eda\"><div class=\"swiper-slide-contents\"><div class=\"elementor-slide-heading\">Coneix la guarderia canina educativa<\/div><\/div><\/a><\/div>\t\t\t\t<\/div>\n\t\t\t\t\t\t\t<\/div>\n\t\t\t\t<\/div>\n\t\t\t\t\t\t\t\t<\/div>\n\t\t\t\t<\/div>\n\t\t\t\t\t<\/div>\n\t\t<\/div>\n\t\t\t\t\t<\/div>\n\t\t<\/section>\n\t\t\t\t<section class=\"elementor-section elementor-top-section elementor-element elementor-element-f047b47 elementor-section-boxed elementor-section-height-default elementor-section-height-default\" data-id=\"f047b47\" data-element_type=\"section\">\n\t\t\t\t\t\t<div class=\"elementor-container elementor-column-gap-default\">\n\t\t\t\t\t<div class=\"elementor-column elementor-col-100 elementor-top-column elementor-element elementor-element-c869cc8\" data-id=\"c869cc8\" data-element_type=\"column\">\n\t\t\t<div class=\"elementor-widget-wrap elementor-element-populated\">\n\t\t\t\t\t\t<div class=\"elementor-element elementor-element-87a52b7 elementor-widget elementor-widget-heading\" data-id=\"87a52b7\" data-element_type=\"widget\" id=\"guarder\u00eda\" data-widget_type=\"heading.default\">\n\t\t\t\t<div class=\"elementor-widget-container\">\n\t\t\t\t\t<h2 class=\"elementor-heading-title elementor-size-default\">GUARDERIA CANINA EDUCATIVA<\/h2>\t\t\t\t<\/div>\n\t\t\t\t<\/div>\n\t\t\t\t\t<\/div>\n\t\t<\/div>\n\t\t\t\t\t<\/div>\n\t\t<\/section>\n\t\t\t\t<section class=\"elementor-section elementor-top-section elementor-element elementor-element-aea23f4 elementor-section-boxed elementor-section-height-default elementor-section-height-default\" data-id=\"aea23f4\" data-element_type=\"section\">\n\t\t\t\t\t\t<div class=\"elementor-container elementor-column-gap-default\">\n\t\t\t\t\t<div class=\"elementor-column elementor-col-50 elementor-top-column elementor-element elementor-element-2680e00\" data-id=\"2680e00\" data-element_type=\"column\">\n\t\t\t<div class=\"elementor-widget-wrap elementor-element-populated\">\n\t\t\t\t\t\t<div class=\"elementor-element elementor-element-ede3b14 elementor-widget elementor-widget-text-editor\" data-id=\"ede3b14\" data-element_type=\"widget\" data-widget_type=\"text-editor.default\">\n\t\t\t\t<div class=\"elementor-widget-container\">\n\t\t\t\t\t\t\t\t\t<p>La nostra guarderia canina de dia no \u00e9s un espai qualsevol: \u00e9s un lloc pensat i dissenyat per al benestar emocional, f\u00edsic i social de cada gos que ens visita. Aqu\u00ed, no treballem amb grans grups, sin\u00f3 amb un nombre redu\u00eft de gossos, cosa que ens permet con\u00e8ixer a cadasc\u00fa en profunditat i oferir-los el tracte individualitzat que mereixen.<\/p>\t\t\t\t\t\t\t\t<\/div>\n\t\t\t\t<\/div>\n\t\t\t\t<div class=\"elementor-element elementor-element-4035f48 elementor-widget elementor-widget-text-editor\" data-id=\"4035f48\" data-element_type=\"widget\" data-widget_type=\"text-editor.default\">\n\t\t\t\t<div class=\"elementor-widget-container\">\n\t\t\t\t\t\t\t\t\tSabem que no tots els gossos s\u00f3n iguals. Alguns necessiten c\u00f3rrer i jugar sense parar, altres busquen seguretat, tranquil\u00b7litat o simplement companyia. Per aix\u00f2, adaptem cada jornada a les necessitats concretes de cada gos, respectant-ne els ritmes, les emocions i la forma de relacionar-se.\t\t\t\t\t\t\t\t<\/div>\n\t\t\t\t<\/div>\n\t\t\t\t\t<\/div>\n\t\t<\/div>\n\t\t\t\t<div class=\"elementor-column elementor-col-50 elementor-top-column elementor-element elementor-element-8914f4a\" data-id=\"8914f4a\" data-element_type=\"column\">\n\t\t\t<div class=\"elementor-widget-wrap elementor-element-populated\">\n\t\t\t\t\t\t<div class=\"elementor-element elementor-element-60c0ebf elementor-widget__width-initial elementor-widget elementor-widget-image\" data-id=\"60c0ebf\" data-element_type=\"widget\" data-widget_type=\"image.default\">\n\t\t\t\t<div class=\"elementor-widget-container\">\n\t\t\t\t\t\t\t\t\t\t\t\t\t\t\t<img decoding=\"async\" src=\"https:\/\/www.elracodemilu.com\/wp-content\/uploads\/2024\/03\/guarderia-canina-1-300x278.jpg\" title=\"\" alt=\"\" loading=\"lazy\" \/>\t\t\t\t\t\t\t\t\t\t\t\t\t\t\t<\/div>\n\t\t\t\t<\/div>\n\t\t\t\t\t<\/div>\n\t\t<\/div>\n\t\t\t\t\t<\/div>\n\t\t<\/section>\n\t\t\t\t<section class=\"elementor-section elementor-top-section elementor-element elementor-element-e94bebc elementor-section-boxed elementor-section-height-default elementor-section-height-default\" data-id=\"e94bebc\" data-element_type=\"section\">\n\t\t\t\t\t\t<div class=\"elementor-container elementor-column-gap-default\">\n\t\t\t\t\t<div class=\"elementor-column elementor-col-33 elementor-top-column elementor-element elementor-element-f12ffa1\" data-id=\"f12ffa1\" data-element_type=\"column\">\n\t\t\t<div class=\"elementor-widget-wrap elementor-element-populated\">\n\t\t\t\t\t\t<div class=\"elementor-element elementor-element-a9ef1ab elementor-widget elementor-widget-video\" data-id=\"a9ef1ab\" data-element_type=\"widget\" data-settings=\"{&quot;video_type&quot;:&quot;hosted&quot;,&quot;autoplay&quot;:&quot;yes&quot;,&quot;controls&quot;:&quot;yes&quot;}\" data-widget_type=\"video.default\">\n\t\t\t\t<div class=\"elementor-widget-container\">\n\t\t\t\t\t\t\t<div class=\"e-hosted-video elementor-wrapper elementor-open-inline\">\n\t\t\t\t\t<video class=\"elementor-video\" src=\"https:\/\/www.elracodemilu.com\/wp-content\/uploads\/2025\/09\/40052703-bf50-4868-8d1f-061e420c5673.mov\" autoplay=\"\" controls=\"\" controlslist=\"nodownload\"><\/video>\n\t\t\t\t<\/div>\n\t\t\t\t\t\t<\/div>\n\t\t\t\t<\/div>\n\t\t\t\t\t<\/div>\n\t\t<\/div>\n\t\t\t\t<div class=\"elementor-column elementor-col-66 elementor-top-column elementor-element elementor-element-0b3c607\" data-id=\"0b3c607\" data-element_type=\"column\">\n\t\t\t<div class=\"elementor-widget-wrap elementor-element-populated\">\n\t\t\t\t\t\t<div class=\"elementor-element elementor-element-0a5648f elementor-widget elementor-widget-heading\" data-id=\"0a5648f\" data-element_type=\"widget\" data-widget_type=\"heading.default\">\n\t\t\t\t<div class=\"elementor-widget-container\">\n\t\t\t\t\t<h3 class=\"elementor-heading-title elementor-size-default\">Aquest espai est\u00e0 especialment pensat per a gossos que:<\/h3>\t\t\t\t<\/div>\n\t\t\t\t<\/div>\n\t\t\t\t<div class=\"elementor-element elementor-element-ccf0d91 elementor-widget elementor-widget-text-editor\" data-id=\"ccf0d91\" data-element_type=\"widget\" data-widget_type=\"text-editor.default\">\n\t\t\t\t<div class=\"elementor-widget-container\">\n\t\t\t\t\t\t\t\t\t<ul class=\"wp-block-list\"><li>Tenen por o inseguretats i necessiten un entorn segur per guanyar confian\u00e7a.<\/li><li>Pateixen ansietat per separaci\u00f3 i es beneficien duna rutina estable i acompanyada.<\/li><li>Tenen exc\u00e9s denergia i necessiten activitat f\u00edsica i mental equilibrada.<\/li><li>Mostren reactivitat per por i requereixen una socialitzaci\u00f3 controlada i respectuosa.<\/li><li>Han tingut una manca de socialitzaci\u00f3 i necessiten aprendre a relacionar-se amb el seu ritme.<\/li><li>Presenten manca d'estimulaci\u00f3 i necessiten jocs, reptes i enriquiment diari.<\/li><\/ul>\t\t\t\t\t\t\t\t<\/div>\n\t\t\t\t<\/div>\n\t\t\t\t\t<\/div>\n\t\t<\/div>\n\t\t\t\t\t<\/div>\n\t\t<\/section>\n\t\t\t\t<section class=\"elementor-section elementor-top-section elementor-element elementor-element-73a2de0 elementor-section-boxed elementor-section-height-default elementor-section-height-default\" data-id=\"73a2de0\" data-element_type=\"section\">\n\t\t\t\t\t\t<div class=\"elementor-container elementor-column-gap-default\">\n\t\t\t\t\t<div class=\"elementor-column elementor-col-100 elementor-top-column elementor-element elementor-element-cd66dca\" data-id=\"cd66dca\" data-element_type=\"column\">\n\t\t\t<div class=\"elementor-widget-wrap elementor-element-populated\">\n\t\t\t\t\t\t<div class=\"elementor-element elementor-element-27644e8 elementor-widget elementor-widget-text-editor\" data-id=\"27644e8\" data-element_type=\"widget\" data-widget_type=\"text-editor.default\">\n\t\t\t\t<div class=\"elementor-widget-container\">\n\t\t\t\t\t\t\t\t\t<p>Si est\u00e0s interessat veuen a con\u00e8ixer-nos, realitzarem un prova per a comprovar que el teu gos se sent segur i que el nostre espai \u00e9s adequat per a l'o ella.<\/p>\t\t\t\t\t\t\t\t<\/div>\n\t\t\t\t<\/div>\n\t\t\t\t\t<\/div>\n\t\t<\/div>\n\t\t\t\t\t<\/div>\n\t\t<\/section>\n\t\t\t\t<section class=\"elementor-section elementor-top-section elementor-element elementor-element-3cd84ff elementor-section-boxed elementor-section-height-default elementor-section-height-default\" data-id=\"3cd84ff\" data-element_type=\"section\">\n\t\t\t\t\t\t<div class=\"elementor-container elementor-column-gap-default\">\n\t\t\t\t\t<div class=\"elementor-column elementor-col-50 elementor-top-column elementor-element elementor-element-08deaf2\" data-id=\"08deaf2\" data-element_type=\"column\">\n\t\t\t<div class=\"elementor-widget-wrap elementor-element-populated\">\n\t\t\t\t\t\t<div class=\"elementor-element elementor-element-61b8bad elementor-widget elementor-widget-text-editor\" data-id=\"61b8bad\" data-element_type=\"widget\" data-widget_type=\"text-editor.default\">\n\t\t\t\t<div class=\"elementor-widget-container\">\n\t\t\t\t\t\t\t\t\t<p>Darrere aquest projecte hi ha un equip hum\u00e0 excepcional. Les persones que acompanyen els gossos cada dia estan formades espec\u00edficament per a aquesta tasca, i el m\u00e9s important: estimen profundament els animals. Observen, entenen i atenen amb afecte i professionalitat cada necessitat, tenint cura de cada gos com si fos propi.<\/p>\t\t\t\t\t\t\t\t<\/div>\n\t\t\t\t<\/div>\n\t\t\t\t<div class=\"elementor-element elementor-element-6ad7a7d elementor-widget elementor-widget-text-editor\" data-id=\"6ad7a7d\" data-element_type=\"widget\" data-widget_type=\"text-editor.default\">\n\t\t\t\t<div class=\"elementor-widget-container\">\n\t\t\t\t\t\t\t\t\tPer aix\u00f2 us convidem a venir a con\u00e8ixer-nos, visitar l'espai i veure de primera m\u00e0 com treballem.\t\t\t\t\t\t\t\t<\/div>\n\t\t\t\t<\/div>\n\t\t\t\t<div class=\"elementor-element elementor-element-06975ad elementor-widget elementor-widget-text-editor\" data-id=\"06975ad\" data-element_type=\"widget\" data-widget_type=\"text-editor.default\">\n\t\t\t\t<div class=\"elementor-widget-container\">\n\t\t\t\t\t\t\t\t\tAqu\u00ed no nom\u00e9s \u00abcuidem gossos\u00bb, sin\u00f3 que els acompanyem i entenem. Els donem el que necessiten, ni m\u00e9s ni menys, i treballem perqu\u00e8 el seu pas per l'escola bressol no nom\u00e9s sigui divertit, sin\u00f3 terap\u00e8utic, segur i enriquidor.\t\t\t\t\t\t\t\t<\/div>\n\t\t\t\t<\/div>\n\t\t\t\t<div class=\"elementor-element elementor-element-695c1d3 elementor-widget elementor-widget-text-editor\" data-id=\"695c1d3\" data-element_type=\"widget\" data-widget_type=\"text-editor.default\">\n\t\t\t\t<div class=\"elementor-widget-container\">\n\t\t\t\t\t\t\t\t\tSi est\u00e0s buscant un espai on el teu gos no sigui un m\u00e9s, sin\u00f3 un individu amb nom, hist\u00f2ria i necessitats \u00faniques, estarem encantats de con\u00e8ixer-vos.\t\t\t\t\t\t\t\t<\/div>\n\t\t\t\t<\/div>\n\t\t\t\t\t<\/div>\n\t\t<\/div>\n\t\t\t\t<div class=\"elementor-column elementor-col-50 elementor-top-column elementor-element elementor-element-bc904bb\" data-id=\"bc904bb\" data-element_type=\"column\">\n\t\t\t<div class=\"elementor-widget-wrap elementor-element-populated\">\n\t\t\t\t\t\t<div class=\"elementor-element elementor-element-3a076e7 elementor-widget__width-initial elementor-widget elementor-widget-image\" data-id=\"3a076e7\" data-element_type=\"widget\" data-widget_type=\"image.default\">\n\t\t\t\t<div class=\"elementor-widget-container\">\n\t\t\t\t\t\t\t\t\t\t\t\t\t\t\t<img fetchpriority=\"high\" decoding=\"async\" width=\"768\" height=\"1024\" src=\"https:\/\/www.elracodemilu.com\/wp-content\/uploads\/2024\/04\/IMG-20230316-WA0010-768x1024.jpg\" class=\"attachment-large size-large wp-image-5873\" alt=\"\" srcset=\"https:\/\/www.elracodemilu.com\/wp-content\/uploads\/2024\/04\/IMG-20230316-WA0010-768x1024.jpg 768w, https:\/\/www.elracodemilu.com\/wp-content\/uploads\/2024\/04\/IMG-20230316-WA0010-225x300.jpg 225w, https:\/\/www.elracodemilu.com\/wp-content\/uploads\/2024\/04\/IMG-20230316-WA0010-1152x1536.jpg 1152w, https:\/\/www.elracodemilu.com\/wp-content\/uploads\/2024\/04\/IMG-20230316-WA0010-9x12.jpg 9w, https:\/\/www.elracodemilu.com\/wp-content\/uploads\/2024\/04\/IMG-20230316-WA0010.jpg 1536w\" sizes=\"(max-width: 768px) 100vw, 768px\" \/>\t\t\t\t\t\t\t\t\t\t\t\t\t\t\t<\/div>\n\t\t\t\t<\/div>\n\t\t\t\t\t<\/div>\n\t\t<\/div>\n\t\t\t\t\t<\/div>\n\t\t<\/section>\n\t\t\t\t<section class=\"elementor-section elementor-top-section elementor-element elementor-element-8c5582f elementor-section-boxed elementor-section-height-default elementor-section-height-default\" data-id=\"8c5582f\" data-element_type=\"section\" data-settings=\"{&quot;background_background&quot;:&quot;classic&quot;}\">\n\t\t\t\t\t\t<div class=\"elementor-container elementor-column-gap-default\">\n\t\t\t\t\t<div class=\"elementor-column elementor-col-100 elementor-top-column elementor-element elementor-element-b072b47\" data-id=\"b072b47\" data-element_type=\"column\">\n\t\t\t<div class=\"elementor-widget-wrap elementor-element-populated\">\n\t\t\t\t\t\t<div class=\"elementor-element elementor-element-33e27c1 elementor-widget elementor-widget-heading\" data-id=\"33e27c1\" data-element_type=\"widget\" data-widget_type=\"heading.default\">\n\t\t\t\t<div class=\"elementor-widget-container\">\n\t\t\t\t\t<h2 class=\"elementor-heading-title elementor-size-default\">Contacta amb nosaltres<\/h2>\t\t\t\t<\/div>\n\t\t\t\t<\/div>\n\t\t\t\t<div class=\"elementor-element elementor-element-9def603 elementor-widget elementor-widget-text-editor\" data-id=\"9def603\" data-element_type=\"widget\" data-widget_type=\"text-editor.default\">\n\t\t\t\t<div class=\"elementor-widget-container\">\n\t\t\t\t\t\t\t\t\t<p>El nostre horari \u00e9s de\u00a0<strong>8.00 a 14.30 de dilluns a divendres<\/strong>.<\/p>\t\t\t\t\t\t\t\t<\/div>\n\t\t\t\t<\/div>\n\t\t\t\t<div class=\"elementor-element elementor-element-09622a4 elementor-widget elementor-widget-text-editor\" data-id=\"09622a4\" data-element_type=\"widget\" data-widget_type=\"text-editor.default\">\n\t\t\t\t<div class=\"elementor-widget-container\">\n\t\t\t\t\t\t\t\t\t<p>Telf. <strong>621.68.78.68\u00a0<\/strong>(pr\u00e8via cita)<\/p>\t\t\t\t\t\t\t\t<\/div>\n\t\t\t\t<\/div>\n\t\t\t\t\t<\/div>\n\t\t<\/div>\n\t\t\t\t\t<\/div>\n\t\t<\/section>\n\t\t\t\t<\/div>","protected":false},"excerpt":{"rendered":"<p>Conoce la guarder\u00eda canina educativa GUARDERIA CANINA EDUCATIVA Nuestra guarder\u00eda canina educativa de d\u00eda no es un espacio cualquiera: es un lugar pensado y dise\u00f1ado para el bienestar emocional, f\u00edsico y social de cada perro que nos visita. Aqu\u00ed, no trabajamos con grandes grupos, sino con un n\u00famero reducido de perros, lo que nos permite [&hellip;]<\/p>","protected":false},"author":2,"featured_media":0,"parent":0,"menu_order":0,"comment_status":"closed","ping_status":"closed","template":"elementor_header_footer","meta":{"site-container-style":"default","site-container-layout":"default","site-sidebar-layout":"default","site-transparent-header":"default","disable-article-header":"default","disable-site-header":"default","disable-site-footer":"default","disable-content-area-spacing":"default","footnotes":""},"class_list":["post-6883","page","type-page","status-publish","hentry"],"yoast_head":"<!-- This site is optimized with the Yoast SEO plugin v25.3.1 - https:\/\/yoast.com\/wordpress\/plugins\/seo\/ -->\n<title>Cursos de Terapias Asistidas con Animales. El Rac\u00f3 de Milu<\/title>\n<meta name=\"description\" content=\"Convi\u00e9rtete en un profesional de las terapias asistidas con animales y el adiestramiento. El Rac\u00f3 de Milu te ofrece cursos especializados. Empieza hoy\" \/>\n<meta name=\"robots\" content=\"index, follow, max-snippet:-1, max-image-preview:large, max-video-preview:-1\" \/>\n<link rel=\"canonical\" href=\"https:\/\/www.elracodemilu.com\/ca\/guarderia-canina-nueva\/\" \/>\n<meta property=\"og:locale\" content=\"ca_ES\" \/>\n<meta property=\"og:type\" content=\"article\" \/>\n<meta property=\"og:title\" content=\"Cursos de Terapias Asistidas con Animales. El Rac\u00f3 de Milu\" \/>\n<meta property=\"og:description\" content=\"Convi\u00e9rtete en un profesional de las terapias asistidas con animales y el adiestramiento. El Rac\u00f3 de Milu te ofrece cursos especializados. Empieza hoy\" \/>\n<meta property=\"og:url\" content=\"https:\/\/www.elracodemilu.com\/ca\/guarderia-canina-nueva\/\" \/>\n<meta property=\"og:site_name\" content=\"El Rac\u00f3 de Milu\" \/>\n<meta property=\"article:publisher\" content=\"https:\/\/www.facebook.com\/elracodemilu\" \/>\n<meta property=\"article:modified_time\" content=\"2025-10-07T11:32:07+00:00\" \/>\n<meta property=\"og:image\" content=\"https:\/\/www.elracodemilu.com\/wp-content\/uploads\/2024\/03\/guarderia-canina-1-300x278.jpg\" \/>\n<meta name=\"twitter:card\" content=\"summary_large_image\" \/>\n<meta name=\"twitter:label1\" content=\"Temps estimat de lectura\" \/>\n\t<meta name=\"twitter:data1\" content=\"3 minuts\" \/>\n<script type=\"application\/ld+json\" class=\"yoast-schema-graph\">{\"@context\":\"https:\/\/schema.org\",\"@graph\":[{\"@type\":\"WebPage\",\"@id\":\"https:\/\/www.elracodemilu.com\/guarderia-canina-nueva\/\",\"url\":\"https:\/\/www.elracodemilu.com\/guarderia-canina-nueva\/\",\"name\":\"Cursos de Terapias Asistidas con Animales. El Rac\u00f3 de Milu\",\"isPartOf\":{\"@id\":\"https:\/\/www.elracodemilu.com\/#website\"},\"primaryImageOfPage\":{\"@id\":\"https:\/\/www.elracodemilu.com\/guarderia-canina-nueva\/#primaryimage\"},\"image\":{\"@id\":\"https:\/\/www.elracodemilu.com\/guarderia-canina-nueva\/#primaryimage\"},\"thumbnailUrl\":\"https:\/\/www.elracodemilu.com\/wp-content\/uploads\/2024\/03\/guarderia-canina-1-300x278.jpg\",\"datePublished\":\"2025-04-02T12:37:11+00:00\",\"dateModified\":\"2025-10-07T11:32:07+00:00\",\"description\":\"Convi\u00e9rtete en un profesional de las terapias asistidas con animales y el adiestramiento. El Rac\u00f3 de Milu te ofrece cursos especializados. Empieza hoy\",\"breadcrumb\":{\"@id\":\"https:\/\/www.elracodemilu.com\/guarderia-canina-nueva\/#breadcrumb\"},\"inLanguage\":\"ca\",\"potentialAction\":[{\"@type\":\"ReadAction\",\"target\":[\"https:\/\/www.elracodemilu.com\/guarderia-canina-nueva\/\"]}]},{\"@type\":\"ImageObject\",\"inLanguage\":\"ca\",\"@id\":\"https:\/\/www.elracodemilu.com\/guarderia-canina-nueva\/#primaryimage\",\"url\":\"https:\/\/www.elracodemilu.com\/wp-content\/uploads\/2024\/03\/guarderia-canina-1-300x278.jpg\",\"contentUrl\":\"https:\/\/www.elracodemilu.com\/wp-content\/uploads\/2024\/03\/guarderia-canina-1-300x278.jpg\"},{\"@type\":\"BreadcrumbList\",\"@id\":\"https:\/\/www.elracodemilu.com\/guarderia-canina-nueva\/#breadcrumb\",\"itemListElement\":[{\"@type\":\"ListItem\",\"position\":1,\"name\":\"Portada\",\"item\":\"https:\/\/www.elracodemilu.com\/\"},{\"@type\":\"ListItem\",\"position\":2,\"name\":\"Guarder\u00eda canina educativa\"}]},{\"@type\":\"WebSite\",\"@id\":\"https:\/\/www.elracodemilu.com\/#website\",\"url\":\"https:\/\/www.elracodemilu.com\/\",\"name\":\"El Rac\u00f3 de Mil\u00fa\",\"description\":\"\",\"publisher\":{\"@id\":\"https:\/\/www.elracodemilu.com\/#organization\"},\"potentialAction\":[{\"@type\":\"SearchAction\",\"target\":{\"@type\":\"EntryPoint\",\"urlTemplate\":\"https:\/\/www.elracodemilu.com\/?s={search_term_string}\"},\"query-input\":{\"@type\":\"PropertyValueSpecification\",\"valueRequired\":true,\"valueName\":\"search_term_string\"}}],\"inLanguage\":\"ca\"},{\"@type\":\"Organization\",\"@id\":\"https:\/\/www.elracodemilu.com\/#organization\",\"name\":\"El Rac\u00f3 de Milu\",\"url\":\"https:\/\/www.elracodemilu.com\/\",\"logo\":{\"@type\":\"ImageObject\",\"inLanguage\":\"ca\",\"@id\":\"https:\/\/www.elracodemilu.com\/#\/schema\/logo\/image\/\",\"url\":\"https:\/\/www.elracodemilu.com\/wp-content\/uploads\/2023\/05\/logo_milu-1.png\",\"contentUrl\":\"https:\/\/www.elracodemilu.com\/wp-content\/uploads\/2023\/05\/logo_milu-1.png\",\"width\":245,\"height\":111,\"caption\":\"El Rac\u00f3 de Milu\"},\"image\":{\"@id\":\"https:\/\/www.elracodemilu.com\/#\/schema\/logo\/image\/\"},\"sameAs\":[\"https:\/\/www.facebook.com\/elracodemilu\",\"https:\/\/www.instagram.com\/elracodemilu\/\"]}]}<\/script>\n<!-- \/ Yoast SEO plugin. -->","yoast_head_json":{"title":"Cursos de Terapias Asistidas con Animales. El Rac\u00f3 de Milu","description":"Convi\u00e9rtete en un profesional de las terapias asistidas con animales y el adiestramiento. El Rac\u00f3 de Milu te ofrece cursos especializados. Empieza hoy","robots":{"index":"index","follow":"follow","max-snippet":"max-snippet:-1","max-image-preview":"max-image-preview:large","max-video-preview":"max-video-preview:-1"},"canonical":"https:\/\/www.elracodemilu.com\/ca\/guarderia-canina-nueva\/","og_locale":"ca_ES","og_type":"article","og_title":"Cursos de Terapias Asistidas con Animales. El Rac\u00f3 de Milu","og_description":"Convi\u00e9rtete en un profesional de las terapias asistidas con animales y el adiestramiento. El Rac\u00f3 de Milu te ofrece cursos especializados. Empieza hoy","og_url":"https:\/\/www.elracodemilu.com\/ca\/guarderia-canina-nueva\/","og_site_name":"El Rac\u00f3 de Milu","article_publisher":"https:\/\/www.facebook.com\/elracodemilu","article_modified_time":"2025-10-07T11:32:07+00:00","og_image":[{"url":"https:\/\/www.elracodemilu.com\/wp-content\/uploads\/2024\/03\/guarderia-canina-1-300x278.jpg","type":"","width":"","height":""}],"twitter_card":"summary_large_image","twitter_misc":{"Temps estimat de lectura":"3 minuts"},"schema":{"@context":"https:\/\/schema.org","@graph":[{"@type":"WebPage","@id":"https:\/\/www.elracodemilu.com\/guarderia-canina-nueva\/","url":"https:\/\/www.elracodemilu.com\/guarderia-canina-nueva\/","name":"Cursos de Terapias Asistidas con Animales. El Rac\u00f3 de Milu","isPartOf":{"@id":"https:\/\/www.elracodemilu.com\/#website"},"primaryImageOfPage":{"@id":"https:\/\/www.elracodemilu.com\/guarderia-canina-nueva\/#primaryimage"},"image":{"@id":"https:\/\/www.elracodemilu.com\/guarderia-canina-nueva\/#primaryimage"},"thumbnailUrl":"https:\/\/www.elracodemilu.com\/wp-content\/uploads\/2024\/03\/guarderia-canina-1-300x278.jpg","datePublished":"2025-04-02T12:37:11+00:00","dateModified":"2025-10-07T11:32:07+00:00","description":"Convi\u00e9rtete en un profesional de las terapias asistidas con animales y el adiestramiento. El Rac\u00f3 de Milu te ofrece cursos especializados. Empieza hoy","breadcrumb":{"@id":"https:\/\/www.elracodemilu.com\/guarderia-canina-nueva\/#breadcrumb"},"inLanguage":"ca","potentialAction":[{"@type":"ReadAction","target":["https:\/\/www.elracodemilu.com\/guarderia-canina-nueva\/"]}]},{"@type":"ImageObject","inLanguage":"ca","@id":"https:\/\/www.elracodemilu.com\/guarderia-canina-nueva\/#primaryimage","url":"https:\/\/www.elracodemilu.com\/wp-content\/uploads\/2024\/03\/guarderia-canina-1-300x278.jpg","contentUrl":"https:\/\/www.elracodemilu.com\/wp-content\/uploads\/2024\/03\/guarderia-canina-1-300x278.jpg"},{"@type":"BreadcrumbList","@id":"https:\/\/www.elracodemilu.com\/guarderia-canina-nueva\/#breadcrumb","itemListElement":[{"@type":"ListItem","position":1,"name":"Portada","item":"https:\/\/www.elracodemilu.com\/"},{"@type":"ListItem","position":2,"name":"Guarder\u00eda canina educativa"}]},{"@type":"WebSite","@id":"https:\/\/www.elracodemilu.com\/#website","url":"https:\/\/www.elracodemilu.com\/","name":"El Rac\u00f3 de Mil\u00fa","description":"","publisher":{"@id":"https:\/\/www.elracodemilu.com\/#organization"},"potentialAction":[{"@type":"SearchAction","target":{"@type":"EntryPoint","urlTemplate":"https:\/\/www.elracodemilu.com\/?s={search_term_string}"},"query-input":{"@type":"PropertyValueSpecification","valueRequired":true,"valueName":"search_term_string"}}],"inLanguage":"ca"},{"@type":"Organization","@id":"https:\/\/www.elracodemilu.com\/#organization","name":"El Rac\u00f3 de Milu","url":"https:\/\/www.elracodemilu.com\/","logo":{"@type":"ImageObject","inLanguage":"ca","@id":"https:\/\/www.elracodemilu.com\/#\/schema\/logo\/image\/","url":"https:\/\/www.elracodemilu.com\/wp-content\/uploads\/2023\/05\/logo_milu-1.png","contentUrl":"https:\/\/www.elracodemilu.com\/wp-content\/uploads\/2023\/05\/logo_milu-1.png","width":245,"height":111,"caption":"El Rac\u00f3 de Milu"},"image":{"@id":"https:\/\/www.elracodemilu.com\/#\/schema\/logo\/image\/"},"sameAs":["https:\/\/www.facebook.com\/elracodemilu","https:\/\/www.instagram.com\/elracodemilu\/"]}]}},"_links":{"self":[{"href":"https:\/\/www.elracodemilu.com\/ca\/wp-json\/wp\/v2\/pages\/6883","targetHints":{"allow":["GET"]}}],"collection":[{"href":"https:\/\/www.elracodemilu.com\/ca\/wp-json\/wp\/v2\/pages"}],"about":[{"href":"https:\/\/www.elracodemilu.com\/ca\/wp-json\/wp\/v2\/types\/page"}],"author":[{"embeddable":true,"href":"https:\/\/www.elracodemilu.com\/ca\/wp-json\/wp\/v2\/users\/2"}],"replies":[{"embeddable":true,"href":"https:\/\/www.elracodemilu.com\/ca\/wp-json\/wp\/v2\/comments?post=6883"}],"version-history":[{"count":51,"href":"https:\/\/www.elracodemilu.com\/ca\/wp-json\/wp\/v2\/pages\/6883\/revisions"}],"predecessor-version":[{"id":7452,"href":"https:\/\/www.elracodemilu.com\/ca\/wp-json\/wp\/v2\/pages\/6883\/revisions\/7452"}],"wp:attachment":[{"href":"https:\/\/www.elracodemilu.com\/ca\/wp-json\/wp\/v2\/media?parent=6883"}],"curies":[{"name":"wp","href":"https:\/\/api.w.org\/{rel}","templated":true}]}}