{"id":6765,"date":"2025-04-02T10:59:46","date_gmt":"2025-04-02T10:59:46","guid":{"rendered":"https:\/\/www.elracodemilu.com\/?page_id=6765"},"modified":"2025-04-25T12:30:14","modified_gmt":"2025-04-25T12:30:14","slug":"formacion-terapia-asistida-2","status":"publish","type":"page","link":"https:\/\/www.elracodemilu.com\/ca\/formacion-terapia-asistida-2\/","title":{"rendered":"Formaci\u00f3 ter\u00e0pia assistida"},"content":{"rendered":"<div data-elementor-type=\"wp-page\" data-elementor-id=\"6765\" class=\"elementor elementor-6765\" data-elementor-post-type=\"page\">\n\t\t\t\t\t\t<section class=\"elementor-section elementor-top-section elementor-element elementor-element-e40acf0 elementor-section-height-min-height elementor-section-boxed elementor-section-height-default elementor-section-items-middle\" data-id=\"e40acf0\" data-element_type=\"section\" data-settings=\"{&quot;background_background&quot;:&quot;classic&quot;,&quot;shape_divider_bottom&quot;:&quot;waves&quot;}\">\n\t\t\t\t\t\t\t<div class=\"elementor-background-overlay\"><\/div>\n\t\t\t\t\t\t<div class=\"elementor-shape elementor-shape-bottom\" aria-hidden=\"true\" data-negative=\"false\">\n\t\t\t<svg xmlns=\"http:\/\/www.w3.org\/2000\/svg\" viewbox=\"0 0 1000 100\" preserveaspectratio=\"none\">\n\t<path class=\"elementor-shape-fill\" d=\"M421.9,6.5c22.6-2.5,51.5,0.4,75.5,5.3c23.6,4.9,70.9,23.5,100.5,35.7c75.8,32.2,133.7,44.5,192.6,49.7\tc23.6,2.1,48.7,3.5,103.4-2.5c54.7-6,106.2-25.6,106.2-25.6V0H0v30.3c0,0,72,32.6,158.4,30.5c39.2-0.7,92.8-6.7,134-22.4\tc21.2-8.1,52.2-18.2,79.7-24.2C399.3,7.9,411.6,7.5,421.9,6.5z\"\/>\n<\/svg>\t\t<\/div>\n\t\t\t\t\t<div class=\"elementor-container elementor-column-gap-default\">\n\t\t\t\t\t<div class=\"elementor-column elementor-col-100 elementor-top-column elementor-element elementor-element-4518e37\" data-id=\"4518e37\" data-element_type=\"column\">\n\t\t\t<div class=\"elementor-widget-wrap elementor-element-populated\">\n\t\t\t\t\t\t<div class=\"elementor-element elementor-element-b187c11 elementor-widget elementor-widget-heading\" data-id=\"b187c11\" data-element_type=\"widget\" data-widget_type=\"heading.default\">\n\t\t\t\t<div class=\"elementor-widget-container\">\n\t\t\t\t\t<h1 class=\"elementor-heading-title elementor-size-default\">FORMACI\u00d3 TER\u00c0PIA ASSISTIDA AMB ANIMALS<\/h1>\t\t\t\t<\/div>\n\t\t\t\t<\/div>\n\t\t\t\t\t<\/div>\n\t\t<\/div>\n\t\t\t\t\t<\/div>\n\t\t<\/section>\n\t\t\t\t<section class=\"elementor-section elementor-top-section elementor-element elementor-element-0388838 elementor-section-boxed elementor-section-height-default elementor-section-height-default\" data-id=\"0388838\" data-element_type=\"section\">\n\t\t\t\t\t\t<div class=\"elementor-container elementor-column-gap-default\">\n\t\t\t\t\t<div class=\"elementor-column elementor-col-100 elementor-top-column elementor-element elementor-element-f1fdd00\" data-id=\"f1fdd00\" data-element_type=\"column\">\n\t\t\t<div class=\"elementor-widget-wrap elementor-element-populated\">\n\t\t\t\t\t\t<div class=\"elementor-element elementor-element-842f10e elementor-widget elementor-widget-heading\" data-id=\"842f10e\" data-element_type=\"widget\" data-widget_type=\"heading.default\">\n\t\t\t\t<div class=\"elementor-widget-container\">\n\t\t\t\t\t<h2 class=\"elementor-heading-title elementor-size-default\">Formacions en ter\u00e0pies assistides amb animals<\/h2>\t\t\t\t<\/div>\n\t\t\t\t<\/div>\n\t\t\t\t<div class=\"elementor-element elementor-element-07cb920 elementor-widget elementor-widget-text-editor\" data-id=\"07cb920\" data-element_type=\"widget\" data-widget_type=\"text-editor.default\">\n\t\t\t\t<div class=\"elementor-widget-container\">\n\t\t\t\t\t\t\t\t\tDes del 2008 hem participat en el desenvolupament i la creaci\u00f3 de diferents M\u00e0sters i Postgraus sobre Intervencions Assistides amb Animals de diverses universitats com la Facultat d'Educaci\u00f3 Social de la Universitat de Barcelona i de Girona, Facultat de Medicina de Sevilla, Facultat d'Andorra, Facultat de Veterin\u00e0ria de C\u00f2rdova, Facultat de Psicologia Am\u00e8riques de Medell\u00edn (Col\u00f2mbia). Actualment i des de l'any 2022 dirigim un Postgrau sobre Intervencions Assistides amb Animals juntament amb l'Institut de Formaci\u00f3 Cont\u00ednua-IL3 i la Universitat de Barcelona. Tamb\u00e9 impartim classes i cursos sobre IAA i Educaci\u00f3 canina i felina a Espanya, Andorra, Portugal i Col\u00f2mbia\n\n\t\t\t\t\t\t\t\t<\/div>\n\t\t\t\t<\/div>\n\t\t\t\t\t<\/div>\n\t\t<\/div>\n\t\t\t\t\t<\/div>\n\t\t<\/section>\n\t\t\t\t<section class=\"elementor-section elementor-top-section elementor-element elementor-element-7e05361 elementor-section-boxed elementor-section-height-default elementor-section-height-default\" data-id=\"7e05361\" data-element_type=\"section\">\n\t\t\t\t\t\t<div class=\"elementor-container elementor-column-gap-default\">\n\t\t\t\t\t<div class=\"elementor-column elementor-col-100 elementor-top-column elementor-element elementor-element-7849b70\" data-id=\"7849b70\" data-element_type=\"column\">\n\t\t\t<div class=\"elementor-widget-wrap elementor-element-populated\">\n\t\t\t\t\t\t<div class=\"elementor-element elementor-element-541ee6b elementor-grid-3 elementor-grid-tablet-2 elementor-grid-mobile-1 elementor-posts--thumbnail-top elementor-card-shadow-yes elementor-posts__hover-gradient elementor-widget elementor-widget-posts\" data-id=\"541ee6b\" data-element_type=\"widget\" data-settings=\"{&quot;cards_columns&quot;:&quot;3&quot;,&quot;cards_columns_tablet&quot;:&quot;2&quot;,&quot;cards_columns_mobile&quot;:&quot;1&quot;,&quot;cards_row_gap&quot;:{&quot;unit&quot;:&quot;px&quot;,&quot;size&quot;:35,&quot;sizes&quot;:[]},&quot;cards_row_gap_tablet&quot;:{&quot;unit&quot;:&quot;px&quot;,&quot;size&quot;:&quot;&quot;,&quot;sizes&quot;:[]},&quot;cards_row_gap_mobile&quot;:{&quot;unit&quot;:&quot;px&quot;,&quot;size&quot;:&quot;&quot;,&quot;sizes&quot;:[]}}\" data-widget_type=\"posts.cards\">\n\t\t\t\t<div class=\"elementor-widget-container\">\n\t\t\t\t\t\t\t<div class=\"elementor-posts-container elementor-posts elementor-posts--skin-cards elementor-grid\">\n\t\t\t\t<article class=\"elementor-post elementor-grid-item post-7172 post type-post status-publish format-standard has-post-thumbnail hentry category-formacion\">\n\t\t\t<div class=\"elementor-post__card\">\n\t\t\t\t<a class=\"elementor-post__thumbnail__link\" href=\"https:\/\/www.elracodemilu.com\/ca\/formacion-en-intervenciones-asistidas-con-perros\/\" tabindex=\"-1\" ><div class=\"elementor-post__thumbnail\"><img fetchpriority=\"high\" decoding=\"async\" width=\"1080\" height=\"1080\" src=\"https:\/\/www.elracodemilu.com\/wp-content\/uploads\/2025\/05\/WORKSHOP-CON-CARLOS-BUEREN.jpg\" class=\"attachment-2048x2048 size-2048x2048 wp-image-7245\" alt=\"\" srcset=\"https:\/\/www.elracodemilu.com\/wp-content\/uploads\/2025\/05\/WORKSHOP-CON-CARLOS-BUEREN.jpg 1080w, https:\/\/www.elracodemilu.com\/wp-content\/uploads\/2025\/05\/WORKSHOP-CON-CARLOS-BUEREN-300x300.jpg 300w, https:\/\/www.elracodemilu.com\/wp-content\/uploads\/2025\/05\/WORKSHOP-CON-CARLOS-BUEREN-1024x1024.jpg 1024w, https:\/\/www.elracodemilu.com\/wp-content\/uploads\/2025\/05\/WORKSHOP-CON-CARLOS-BUEREN-150x150.jpg 150w, https:\/\/www.elracodemilu.com\/wp-content\/uploads\/2025\/05\/WORKSHOP-CON-CARLOS-BUEREN-768x768.jpg 768w, https:\/\/www.elracodemilu.com\/wp-content\/uploads\/2025\/05\/WORKSHOP-CON-CARLOS-BUEREN-12x12.jpg 12w\" sizes=\"(max-width: 1080px) 100vw, 1080px\" \/><\/div><\/a>\n\t\t\t\t<div class=\"elementor-post__text\">\n\t\t\t\t<h3 class=\"elementor-post__title\">\n\t\t\t<a href=\"https:\/\/www.elracodemilu.com\/ca\/formacion-en-intervenciones-asistidas-con-perros\/\" >\n\t\t\t\tWORKSHOPR \"TIMING, CRITERI I TASA DE REFOR\u00c7AMENT\"\t\t\t<\/a>\n\t\t<\/h3>\n\t\t\t\t<div class=\"elementor-post__excerpt\">\n\t\t\t<p>Colaboramos nuevamente con Qura (Quinta de Rehabilitaci\u00f3n de Albarraque) para realizar esta formaci\u00f3n<\/p>\n\t\t<\/div>\n\t\t\n\t\t<a class=\"elementor-post__read-more\" href=\"https:\/\/www.elracodemilu.com\/ca\/formacion-en-intervenciones-asistidas-con-perros\/\" aria-label=\"Read more about WORKSHOP                       \u00abTIMING, CRITERIO Y TASA DE REFORZAMINETO\u00bb\" tabindex=\"-1\" >\n\t\t\tM\u00e9s informaci\u00f3 \u00bb\t\t<\/a>\n\n\t\t\t\t<\/div>\n\t\t\t\t\t<\/div>\n\t\t<\/article>\n\t\t\t\t<article class=\"elementor-post elementor-grid-item post-6592 post type-post status-publish format-standard has-post-thumbnail hentry category-formacion\">\n\t\t\t<div class=\"elementor-post__card\">\n\t\t\t\t<a class=\"elementor-post__thumbnail__link\" href=\"https:\/\/www.elracodemilu.com\/ca\/posgrado-en-intervenciones-asistidas-con-perros\/\" tabindex=\"-1\" ><div class=\"elementor-post__thumbnail\"><img decoding=\"async\" width=\"885\" height=\"585\" src=\"https:\/\/www.elracodemilu.com\/wp-content\/uploads\/2024\/12\/0000_formaciones-2.jpg\" class=\"attachment-2048x2048 size-2048x2048 wp-image-7045\" alt=\"\" srcset=\"https:\/\/www.elracodemilu.com\/wp-content\/uploads\/2024\/12\/0000_formaciones-2.jpg 885w, https:\/\/www.elracodemilu.com\/wp-content\/uploads\/2024\/12\/0000_formaciones-2-300x198.jpg 300w, https:\/\/www.elracodemilu.com\/wp-content\/uploads\/2024\/12\/0000_formaciones-2-768x508.jpg 768w, https:\/\/www.elracodemilu.com\/wp-content\/uploads\/2024\/12\/0000_formaciones-2-18x12.jpg 18w\" sizes=\"(max-width: 885px) 100vw, 885px\" \/><\/div><\/a>\n\t\t\t\t<div class=\"elementor-post__text\">\n\t\t\t\t<h3 class=\"elementor-post__title\">\n\t\t\t<a href=\"https:\/\/www.elracodemilu.com\/ca\/posgrado-en-intervenciones-asistidas-con-perros\/\" >\n\t\t\t\tPOSTGRAU EN INTERVENCIONS ASSISTIDES AMB GOSSOS\t\t\t<\/a>\n\t\t<\/h3>\n\t\t\t\t<div class=\"elementor-post__excerpt\">\n\t\t\t<p>Amb l'Escola Itineri i l'Institut de Formaci\u00f3 Continuada IL3 de la Universitat de Barcelona.<\/p>\n\t\t<\/div>\n\t\t\n\t\t<a class=\"elementor-post__read-more\" href=\"https:\/\/www.elracodemilu.com\/ca\/posgrado-en-intervenciones-asistidas-con-perros\/\" aria-label=\"Read more about POSGRADO EN INTERVENCIONES ASISTIDAS CON PERROS\" tabindex=\"-1\" >\n\t\t\tM\u00e9s informaci\u00f3 \u00bb\t\t<\/a>\n\n\t\t\t\t<\/div>\n\t\t\t\t\t<\/div>\n\t\t<\/article>\n\t\t\t\t<article class=\"elementor-post elementor-grid-item post-5601 post type-post status-publish format-standard has-post-thumbnail hentry category-formacion\">\n\t\t\t<div class=\"elementor-post__card\">\n\t\t\t\t<a class=\"elementor-post__thumbnail__link\" href=\"https:\/\/www.elracodemilu.com\/ca\/postgrado-en-intervenciones-asistidas-con-perros-semipresencial\/\" tabindex=\"-1\" ><div class=\"elementor-post__thumbnail\"><img decoding=\"async\" width=\"885\" height=\"585\" src=\"https:\/\/www.elracodemilu.com\/wp-content\/uploads\/2024\/12\/0001_formaciones-1.jpg\" class=\"attachment-2048x2048 size-2048x2048 wp-image-7046\" alt=\"\" srcset=\"https:\/\/www.elracodemilu.com\/wp-content\/uploads\/2024\/12\/0001_formaciones-1.jpg 885w, https:\/\/www.elracodemilu.com\/wp-content\/uploads\/2024\/12\/0001_formaciones-1-300x198.jpg 300w, https:\/\/www.elracodemilu.com\/wp-content\/uploads\/2024\/12\/0001_formaciones-1-768x508.jpg 768w, https:\/\/www.elracodemilu.com\/wp-content\/uploads\/2024\/12\/0001_formaciones-1-18x12.jpg 18w\" sizes=\"(max-width: 885px) 100vw, 885px\" \/><\/div><\/a>\n\t\t\t\t<div class=\"elementor-post__text\">\n\t\t\t\t<h3 class=\"elementor-post__title\">\n\t\t\t<a href=\"https:\/\/www.elracodemilu.com\/ca\/postgrado-en-intervenciones-asistidas-con-perros-semipresencial\/\" >\n\t\t\t\tM\u00c0STER EN INTERVENCIONS ASSISTIDES AMB GOSSOS I GATS\t\t\t<\/a>\n\t\t<\/h3>\n\t\t\t\t<div class=\"elementor-post__excerpt\">\n\t\t\t<p>Amb l'Escola Itineri i l'Institut de Formaci\u00f3 Continuada IL3 de la Universitat de Barcelona.<\/p>\n\t\t<\/div>\n\t\t\n\t\t<a class=\"elementor-post__read-more\" href=\"https:\/\/www.elracodemilu.com\/ca\/postgrado-en-intervenciones-asistidas-con-perros-semipresencial\/\" aria-label=\"Read more about M\u00c1STER EN INTERVENCIONES ASISTIDAS CON PERROS Y GATOS\" tabindex=\"-1\" >\n\t\t\tM\u00e9s informaci\u00f3 \u00bb\t\t<\/a>\n\n\t\t\t\t<\/div>\n\t\t\t\t\t<\/div>\n\t\t<\/article>\n\t\t\t\t<article class=\"elementor-post elementor-grid-item post-5598 post type-post status-publish format-standard has-post-thumbnail hentry category-formacion\">\n\t\t\t<div class=\"elementor-post__card\">\n\t\t\t\t<a class=\"elementor-post__thumbnail__link\" href=\"https:\/\/www.elracodemilu.com\/ca\/los-gatos-y-las-terapias-asistidas-con-animales\/\" tabindex=\"-1\" ><div class=\"elementor-post__thumbnail\"><img loading=\"lazy\" decoding=\"async\" width=\"885\" height=\"585\" src=\"https:\/\/www.elracodemilu.com\/wp-content\/uploads\/2022\/04\/gatos-3.jpg\" class=\"attachment-2048x2048 size-2048x2048 wp-image-6613\" alt=\"\" srcset=\"https:\/\/www.elracodemilu.com\/wp-content\/uploads\/2022\/04\/gatos-3.jpg 885w, https:\/\/www.elracodemilu.com\/wp-content\/uploads\/2022\/04\/gatos-3-300x198.jpg 300w, https:\/\/www.elracodemilu.com\/wp-content\/uploads\/2022\/04\/gatos-3-768x508.jpg 768w, https:\/\/www.elracodemilu.com\/wp-content\/uploads\/2022\/04\/gatos-3-18x12.jpg 18w\" sizes=\"(max-width: 885px) 100vw, 885px\" \/><\/div><\/a>\n\t\t\t\t<div class=\"elementor-post__text\">\n\t\t\t\t<h3 class=\"elementor-post__title\">\n\t\t\t<a href=\"https:\/\/www.elracodemilu.com\/ca\/los-gatos-y-las-terapias-asistidas-con-animales\/\" >\n\t\t\t\tELS GATS I LES TER\u00c0PIES ASSISTIDES AMB ANIMALS \u2013 ONLINE\t\t\t<\/a>\n\t\t<\/h3>\n\t\t\t\t<div class=\"elementor-post__excerpt\">\n\t\t\t<p>Aquest curs t\u00e9 com a finalitat donar-te tota la informaci\u00f3 sobre com es poden utilitzar els GATS en les sessions de ter\u00e0pies assistides amb animals. Et donarem idees i sobre<\/p>\n\t\t<\/div>\n\t\t\n\t\t<a class=\"elementor-post__read-more\" href=\"https:\/\/www.elracodemilu.com\/ca\/los-gatos-y-las-terapias-asistidas-con-animales\/\" aria-label=\"Read more about LOS GATOS Y LAS TERAPIAS ASISTIDAS CON ANIMALES &#8211; ONLINE\" tabindex=\"-1\" >\n\t\t\tM\u00e9s informaci\u00f3 \u00bb\t\t<\/a>\n\n\t\t\t\t<\/div>\n\t\t\t\t\t<\/div>\n\t\t<\/article>\n\t\t\t\t<\/div>\n\t\t\n\t\t\t\t\t\t<\/div>\n\t\t\t\t<\/div>\n\t\t\t\t\t<\/div>\n\t\t<\/div>\n\t\t\t\t\t<\/div>\n\t\t<\/section>\n\t\t\t\t<\/div>","protected":false},"excerpt":{"rendered":"<p>FORMACI\u00d3N TERAPIA ASISTIDA CON ANIMALES Formaciones en terapias asistidas con animales Desde el 2008 hemos participado en el desarrollo y la creaci\u00f3n de diferentes M\u00e1steres y Posgrados sobre Intervenciones Asistidas con Animales de diversas universidades como la Facultad de Educaci\u00f3n Social de la Universidad de Barcelona y de Girona, Facultad de Medicina de Sevilla, Facultad [&hellip;]<\/p>","protected":false},"author":2,"featured_media":0,"parent":0,"menu_order":0,"comment_status":"closed","ping_status":"closed","template":"elementor_header_footer","meta":{"site-container-style":"default","site-container-layout":"default","site-sidebar-layout":"default","site-transparent-header":"default","disable-article-header":"default","disable-site-header":"default","disable-site-footer":"default","disable-content-area-spacing":"default","footnotes":""},"class_list":["post-6765","page","type-page","status-publish","hentry"],"yoast_head":"<!-- This site is optimized with the Yoast SEO plugin v25.3.1 - https:\/\/yoast.com\/wordpress\/plugins\/seo\/ -->\n<title>Cursos de Terapias Asistidas con Animales. El Rac\u00f3 de Milu<\/title>\n<meta name=\"description\" content=\"Convi\u00e9rtete en un profesional de las terapias asistidas con animales y el adiestramiento. El Rac\u00f3 de Milu te ofrece cursos especializados. Empieza hoy\" \/>\n<meta name=\"robots\" content=\"index, follow, max-snippet:-1, max-image-preview:large, max-video-preview:-1\" \/>\n<link rel=\"canonical\" href=\"https:\/\/www.elracodemilu.com\/ca\/formacion-terapia-asistida-2\/\" \/>\n<meta property=\"og:locale\" content=\"ca_ES\" \/>\n<meta property=\"og:type\" content=\"article\" \/>\n<meta property=\"og:title\" content=\"Cursos de Terapias Asistidas con Animales. El Rac\u00f3 de Milu\" \/>\n<meta property=\"og:description\" content=\"Convi\u00e9rtete en un profesional de las terapias asistidas con animales y el adiestramiento. El Rac\u00f3 de Milu te ofrece cursos especializados. Empieza hoy\" \/>\n<meta property=\"og:url\" content=\"https:\/\/www.elracodemilu.com\/ca\/formacion-terapia-asistida-2\/\" \/>\n<meta property=\"og:site_name\" content=\"El Rac\u00f3 de Milu\" \/>\n<meta property=\"article:publisher\" content=\"https:\/\/www.facebook.com\/elracodemilu\" \/>\n<meta property=\"article:modified_time\" content=\"2025-04-25T12:30:14+00:00\" \/>\n<meta property=\"og:image\" content=\"https:\/\/www.elracodemilu.com\/wp-content\/uploads\/2023\/05\/INICIO-scaled.jpg\" \/>\n\t<meta property=\"og:image:width\" content=\"2560\" \/>\n\t<meta property=\"og:image:height\" content=\"1707\" \/>\n\t<meta property=\"og:image:type\" content=\"image\/jpeg\" \/>\n<meta name=\"twitter:card\" content=\"summary_large_image\" \/>\n<meta name=\"twitter:label1\" content=\"Temps estimat de lectura\" \/>\n\t<meta name=\"twitter:data1\" content=\"2 minuts\" \/>\n<script type=\"application\/ld+json\" class=\"yoast-schema-graph\">{\"@context\":\"https:\/\/schema.org\",\"@graph\":[{\"@type\":\"WebPage\",\"@id\":\"https:\/\/www.elracodemilu.com\/formacion-terapia-asistida-2\/\",\"url\":\"https:\/\/www.elracodemilu.com\/formacion-terapia-asistida-2\/\",\"name\":\"Cursos de Terapias Asistidas con Animales. El Rac\u00f3 de Milu\",\"isPartOf\":{\"@id\":\"https:\/\/www.elracodemilu.com\/#website\"},\"datePublished\":\"2025-04-02T10:59:46+00:00\",\"dateModified\":\"2025-04-25T12:30:14+00:00\",\"description\":\"Convi\u00e9rtete en un profesional de las terapias asistidas con animales y el adiestramiento. El Rac\u00f3 de Milu te ofrece cursos especializados. Empieza hoy\",\"breadcrumb\":{\"@id\":\"https:\/\/www.elracodemilu.com\/formacion-terapia-asistida-2\/#breadcrumb\"},\"inLanguage\":\"ca\",\"potentialAction\":[{\"@type\":\"ReadAction\",\"target\":[\"https:\/\/www.elracodemilu.com\/formacion-terapia-asistida-2\/\"]}]},{\"@type\":\"BreadcrumbList\",\"@id\":\"https:\/\/www.elracodemilu.com\/formacion-terapia-asistida-2\/#breadcrumb\",\"itemListElement\":[{\"@type\":\"ListItem\",\"position\":1,\"name\":\"Portada\",\"item\":\"https:\/\/www.elracodemilu.com\/\"},{\"@type\":\"ListItem\",\"position\":2,\"name\":\"Formaci\u00f3n terapia asistida*\"}]},{\"@type\":\"WebSite\",\"@id\":\"https:\/\/www.elracodemilu.com\/#website\",\"url\":\"https:\/\/www.elracodemilu.com\/\",\"name\":\"El Rac\u00f3 de Mil\u00fa\",\"description\":\"\",\"publisher\":{\"@id\":\"https:\/\/www.elracodemilu.com\/#organization\"},\"potentialAction\":[{\"@type\":\"SearchAction\",\"target\":{\"@type\":\"EntryPoint\",\"urlTemplate\":\"https:\/\/www.elracodemilu.com\/?s={search_term_string}\"},\"query-input\":{\"@type\":\"PropertyValueSpecification\",\"valueRequired\":true,\"valueName\":\"search_term_string\"}}],\"inLanguage\":\"ca\"},{\"@type\":\"Organization\",\"@id\":\"https:\/\/www.elracodemilu.com\/#organization\",\"name\":\"El Rac\u00f3 de Milu\",\"url\":\"https:\/\/www.elracodemilu.com\/\",\"logo\":{\"@type\":\"ImageObject\",\"inLanguage\":\"ca\",\"@id\":\"https:\/\/www.elracodemilu.com\/#\/schema\/logo\/image\/\",\"url\":\"https:\/\/www.elracodemilu.com\/wp-content\/uploads\/2023\/05\/logo_milu-1.png\",\"contentUrl\":\"https:\/\/www.elracodemilu.com\/wp-content\/uploads\/2023\/05\/logo_milu-1.png\",\"width\":245,\"height\":111,\"caption\":\"El Rac\u00f3 de Milu\"},\"image\":{\"@id\":\"https:\/\/www.elracodemilu.com\/#\/schema\/logo\/image\/\"},\"sameAs\":[\"https:\/\/www.facebook.com\/elracodemilu\",\"https:\/\/www.instagram.com\/elracodemilu\/\"]}]}<\/script>\n<!-- \/ Yoast SEO plugin. -->","yoast_head_json":{"title":"Cursos de Terapias Asistidas con Animales. El Rac\u00f3 de Milu","description":"Convi\u00e9rtete en un profesional de las terapias asistidas con animales y el adiestramiento. El Rac\u00f3 de Milu te ofrece cursos especializados. Empieza hoy","robots":{"index":"index","follow":"follow","max-snippet":"max-snippet:-1","max-image-preview":"max-image-preview:large","max-video-preview":"max-video-preview:-1"},"canonical":"https:\/\/www.elracodemilu.com\/ca\/formacion-terapia-asistida-2\/","og_locale":"ca_ES","og_type":"article","og_title":"Cursos de Terapias Asistidas con Animales. El Rac\u00f3 de Milu","og_description":"Convi\u00e9rtete en un profesional de las terapias asistidas con animales y el adiestramiento. El Rac\u00f3 de Milu te ofrece cursos especializados. Empieza hoy","og_url":"https:\/\/www.elracodemilu.com\/ca\/formacion-terapia-asistida-2\/","og_site_name":"El Rac\u00f3 de Milu","article_publisher":"https:\/\/www.facebook.com\/elracodemilu","article_modified_time":"2025-04-25T12:30:14+00:00","og_image":[{"width":2560,"height":1707,"url":"https:\/\/www.elracodemilu.com\/wp-content\/uploads\/2023\/05\/INICIO-scaled.jpg","type":"image\/jpeg"}],"twitter_card":"summary_large_image","twitter_misc":{"Temps estimat de lectura":"2 minuts"},"schema":{"@context":"https:\/\/schema.org","@graph":[{"@type":"WebPage","@id":"https:\/\/www.elracodemilu.com\/formacion-terapia-asistida-2\/","url":"https:\/\/www.elracodemilu.com\/formacion-terapia-asistida-2\/","name":"Cursos de Terapias Asistidas con Animales. El Rac\u00f3 de Milu","isPartOf":{"@id":"https:\/\/www.elracodemilu.com\/#website"},"datePublished":"2025-04-02T10:59:46+00:00","dateModified":"2025-04-25T12:30:14+00:00","description":"Convi\u00e9rtete en un profesional de las terapias asistidas con animales y el adiestramiento. El Rac\u00f3 de Milu te ofrece cursos especializados. Empieza hoy","breadcrumb":{"@id":"https:\/\/www.elracodemilu.com\/formacion-terapia-asistida-2\/#breadcrumb"},"inLanguage":"ca","potentialAction":[{"@type":"ReadAction","target":["https:\/\/www.elracodemilu.com\/formacion-terapia-asistida-2\/"]}]},{"@type":"BreadcrumbList","@id":"https:\/\/www.elracodemilu.com\/formacion-terapia-asistida-2\/#breadcrumb","itemListElement":[{"@type":"ListItem","position":1,"name":"Portada","item":"https:\/\/www.elracodemilu.com\/"},{"@type":"ListItem","position":2,"name":"Formaci\u00f3n terapia asistida*"}]},{"@type":"WebSite","@id":"https:\/\/www.elracodemilu.com\/#website","url":"https:\/\/www.elracodemilu.com\/","name":"El Rac\u00f3 de Mil\u00fa","description":"","publisher":{"@id":"https:\/\/www.elracodemilu.com\/#organization"},"potentialAction":[{"@type":"SearchAction","target":{"@type":"EntryPoint","urlTemplate":"https:\/\/www.elracodemilu.com\/?s={search_term_string}"},"query-input":{"@type":"PropertyValueSpecification","valueRequired":true,"valueName":"search_term_string"}}],"inLanguage":"ca"},{"@type":"Organization","@id":"https:\/\/www.elracodemilu.com\/#organization","name":"El Rac\u00f3 de Milu","url":"https:\/\/www.elracodemilu.com\/","logo":{"@type":"ImageObject","inLanguage":"ca","@id":"https:\/\/www.elracodemilu.com\/#\/schema\/logo\/image\/","url":"https:\/\/www.elracodemilu.com\/wp-content\/uploads\/2023\/05\/logo_milu-1.png","contentUrl":"https:\/\/www.elracodemilu.com\/wp-content\/uploads\/2023\/05\/logo_milu-1.png","width":245,"height":111,"caption":"El Rac\u00f3 de Milu"},"image":{"@id":"https:\/\/www.elracodemilu.com\/#\/schema\/logo\/image\/"},"sameAs":["https:\/\/www.facebook.com\/elracodemilu","https:\/\/www.instagram.com\/elracodemilu\/"]}]}},"_links":{"self":[{"href":"https:\/\/www.elracodemilu.com\/ca\/wp-json\/wp\/v2\/pages\/6765","targetHints":{"allow":["GET"]}}],"collection":[{"href":"https:\/\/www.elracodemilu.com\/ca\/wp-json\/wp\/v2\/pages"}],"about":[{"href":"https:\/\/www.elracodemilu.com\/ca\/wp-json\/wp\/v2\/types\/page"}],"author":[{"embeddable":true,"href":"https:\/\/www.elracodemilu.com\/ca\/wp-json\/wp\/v2\/users\/2"}],"replies":[{"embeddable":true,"href":"https:\/\/www.elracodemilu.com\/ca\/wp-json\/wp\/v2\/comments?post=6765"}],"version-history":[{"count":24,"href":"https:\/\/www.elracodemilu.com\/ca\/wp-json\/wp\/v2\/pages\/6765\/revisions"}],"predecessor-version":[{"id":7239,"href":"https:\/\/www.elracodemilu.com\/ca\/wp-json\/wp\/v2\/pages\/6765\/revisions\/7239"}],"wp:attachment":[{"href":"https:\/\/www.elracodemilu.com\/ca\/wp-json\/wp\/v2\/media?parent=6765"}],"curies":[{"name":"wp","href":"https:\/\/api.w.org\/{rel}","templated":true}]}}