{"id":3871,"date":"2023-04-21T07:10:28","date_gmt":"2023-04-21T07:10:28","guid":{"rendered":"https:\/\/milu.devel8.com\/?page_id=3871"},"modified":"2023-06-26T08:31:05","modified_gmt":"2023-06-26T08:31:05","slug":"aviso-legal","status":"publish","type":"page","link":"https:\/\/www.elracodemilu.com\/ca\/aviso-legal\/","title":{"rendered":"Av\u00eds Legal"},"content":{"rendered":"<h1>Av\u00eds Legal<\/h1>\n<p><strong>1. DADES IDENTIFICATIVES<\/strong><br \/>\nEn compliment amb el deure informaci\u00f3 recollit a l\u2019article 10 de la Llei 34\/2002, d\u201911 de juliol, de Serveis de la Societat de la Informaci\u00f3 i del Comer\u00e7 Electr\u00f2nic, a continuaci\u00f3 es reflecteixen les dades seg\u00fcents: el titular del domini web www .elracodemilu.com ca El Rac\u00f3 de Milu S.L (d\u2019ara endavant El Rac\u00f3 de Mil\u00fa), amb domicili a aquests efectes a Avda. els Dolors, 66 08241 Manresa i n\u00famero de C.I.F.: B66901828.<\/p>\n<p><strong>2. USUARIS<\/strong><br \/>\nL\u2019acc\u00e9s i\/o \u00fas d\u2019aquest portal del Rac\u00f3 de Mil\u00fa atribueix la condici\u00f3 d\u2019USUARI, que accepta, des d\u2019aquest acc\u00e9s i\/o \u00fas, les Condicions Generals d\u2019\u00das reflectides aqu\u00ed. Les condicions esmentades s\u00f3n aplicables independentment de les condicions generals de contractaci\u00f3 que, si s\u2019escau, resultin de compliment obligat.<\/p>\n<p><strong>3. \u00daS DEL PORTAL<\/strong><br \/>\nwww.elracodemilu.com proporciona l\u2019acc\u00e9s a multitud d\u2019informacions, serveis, programes o dades (d\u2019ara endavant, \u201cels continguts\u201d) a Internet pertanyents a El Rac\u00f3 de Mil\u00fa o als seus llicenciants als quals l\u2019USUARI hi pugui tenir acc\u00e9s. L\u00b4USUARI assumeix la responsabilitat de l\u00b4\u00fas del portal. Aquesta responsabilitat s\u2019est\u00e9n al registre necessari per accedir a determinats serveis o continguts. En aquest registre l\u2019USUARI ser\u00e0 responsable d\u2019aportar informaci\u00f3 vera\u00e7 i l\u00edcita<\/p>\n<p>L\u2019USUARI es compromet a fer un \u00fas adequat dels continguts i serveis que El Rac\u00f3 de Mil\u00fa ofereix a trav\u00e9s del seu portal i amb car\u00e0cter enunciatiu per\u00f2 no limitatiu, a no fer-los servir per (i) inc\u00f3rrer en activitats il\u00b7l\u00edcites, il\u00b7legals o contr\u00e0ries a la bona fe ia l\u2019ordre p\u00fablic; (ii) difondre continguts o propaganda de car\u00e0cter racista, xen\u00f2fob, pornogr\u00e0fic-il\u00b7legal, d\u2019apologia del terrorisme o atemptatori contra els drets humans; (iii) provocar danys en els sistemes f\u00edsics i l\u00f2gics del Rac\u00f3 de Mil\u00fa, dels seus prove\u00efdors o de terceres persones, introduir o difondre a la xarxa virus inform\u00e0tics o qualssevol altres sistemes f\u00edsics o l\u00f2gics que siguin susceptibles de provocar els danys anteriorment esmentats; (iv) intentar accedir i, si escau, utilitzar els comptes de correu electr\u00f2nic d\u2019altres usuaris i modificar-ne o manipular-ne els missatges.<\/p>\n<p>El Rac\u00f3 de Mil\u00fa es reserva el dret de retirar tots aquells comentaris i aportacions que vulnerin el respecte a la dignitat de la persona, que siguin discriminatoris, xen\u00f2fobs, racistes, pornogr\u00e0fics, que atemptin contra la joventut o la inf\u00e0ncia, l\u2019ordre o la seguretat p\u00fablica o que, a parer seu, no resultessin adequats per a la seva publicaci\u00f3. En qualsevol cas, El Rac\u00f3 de Mil\u00fa no ser\u00e0 responsable de les opinions abocades pels usuaris a trav\u00e9s dels f\u00f2rums, xats o altres eines de participaci\u00f3.<\/p>\n<p><strong>4. PROTECCI\u00d3 DE DADES<\/strong><br \/>\nEl Rac\u00f3 de Mil\u00fa compleix les directrius de la Llei Org\u00e0nica 15\/1999 de 13 de desembre de Protecci\u00f3 de Dades de Car\u00e0cter Personal, el Reial Decret 1720\/2007 de 21 de desembre pel qual s\u2019aprova el Reglament de desplegament de la Llei Org\u00e0nica i la resta de normativa vigent a cada moment, i vetlla per garantir un correcte \u00fas i tractament de les dades personals de l\u2019usuari. Per aix\u00f2, juntament amb cada formulari de recollida de dades de car\u00e0cter personal, en els serveis que l\u2019usuari pugui sol\u00b7licitar a El Rac\u00f3 de Mil\u00fa, far\u00e0 saber a l\u2019usuari de l\u2019exist\u00e8ncia i l\u2019acceptaci\u00f3 de les condicions particulars del tractament de les seves dades en cada cas , informant-vos de la responsabilitat del fitxer creat, l\u2019adre\u00e7a del responsable, la possibilitat d\u2019exercir els vostres drets d\u2019acc\u00e9s, rectificaci\u00f3, cancel\u00b7laci\u00f3 o oposici\u00f3, la finalitat del tractament i les comunicacions de dades a tercers si escau. Aix\u00ed mateix, El Rac\u00f3 de Mil\u00fa informa que d\u00f3na compliment a la Llei 34\/2002 d\u201911 de juliol, de Serveis de la Societat de la Informaci\u00f3 i el Comer\u00e7 Electr\u00f2nic i us sol\u00b7licitar\u00e0 el vostre consentiment al tractament del vostre correu electr\u00f2nic amb fins comercials en cada moment .<\/p>\n<p><strong>5. PROPIETAT INTEL\u00b7LECTUAL I INDUSTRIAL<\/strong><br \/>\nEl Rac\u00f3 de Mil\u00fa per si o com a cessionari, \u00e9s titular de tots els drets de propietat intel\u00b7lectual i industrial de la seva p\u00e0gina web, aix\u00ed com dels elements continguts a la mateixa (a t\u00edtol enunciatiu, imatges, so, \u00e0udio, v\u00eddeo, programari o textos, marques o logotips, combinacions de colors, estructura i disseny, selecci\u00f3 de materials usats, programes d\u2019ordinador necessaris per al seu funcionament, acc\u00e9s i \u00fas, etc.), titularitat del Rac\u00f3 de Mil\u00fa o b\u00e9 dels seus llicenciants. Tots els drets reservats. En virtut del que disposen els articles 8 i 32.1, par\u00e0graf segon, de la Llei de propietat intel\u00b7lectual, queden expressament prohibides la reproducci\u00f3, la distribuci\u00f3 i la comunicaci\u00f3 p\u00fablica, inclosa la seva modalitat de posada a disposici\u00f3, de la totalitat o part dels continguts d\u2019aquesta p\u00e0gina web, amb finalitats comercials, a qualsevol suport i per qualsevol mitj\u00e0 t\u00e8cnic, sense l\u2019autoritzaci\u00f3 d\u2019El Rac\u00f3 de Mil\u00fa. L\u2019USUARI es compromet a respectar els drets de propietat intel\u00b7lectual i industrial titularitat del Rac\u00f3 de Mil\u00fa. Podreu visualitzar els elements del portal i fins i tot imprimir-los, copiar-los i emmagatzemar-los al disc dur del vostre ordinador o en qualsevol altre suport f\u00edsic sempre que sigui, \u00fanica i exclusivament, per al seu \u00fas personal i privat. L\u2019USUARI haur\u00e0 d\u2019abstenir-se de suprimir, alterar, eludir o manipular qualsevol dispositiu de protecci\u00f3 o sistema de seguretat que estigu\u00e9s instal\u00b7lat a les p\u00e0gines del Rac\u00f3 de Mil\u00fa.<\/p>\n<p><strong>6. CREATIVE COMMONS<\/strong><br \/>\nTotes les obres d\u2019aquesta p\u00e0gina web l\u2019autor de les quals \u00e9s El Rac\u00f3 de Mil\u00fa estan sota una\u00a0<a href=\"http:\/\/creativecommons.org\/licenses\/by-nc-nd\/4.0\/\" target=\"_blank\" rel=\"noopener\">llic\u00e8ncia<\/a>\u00a0de Reconeixement-NoComercial-SenseObraDerivada 4.0 Internacional de Creative Commons seguint les condicions seg\u00fcents: atribuci\u00f3, no comercial i sense derivats. Atribuci\u00f3: cal donar el cr\u00e8dit apropiat a l\u2019autor, oferir un enlla\u00e7 a la llic\u00e8ncia i indicar si es van fer canvis a l\u2019obra original. Aix\u00f2 est\u00e0 perm\u00e8s en qualsevol forma raonable, per\u00f2 no de manera que d\u2019entendre que el llicenciant recolza l\u2019USUARI o l\u2019\u00fas realitzat. No comercial: no es permet l\u2019\u00fas de qualsevol material o contingut de la web amb prop\u00f2sits comercials de cap tipus. Sense derivats: en cas que l\u2019USUARI barreg\u00e9s, modifiqu\u00e9s, transform\u00e9s o constru\u00eds qualsevol obra basada en el material i\/o continguts de la present p\u00e0gina web, no est\u00e0 perm\u00e8s distribuir el material o obra modificada.<\/p>\n<p><strong>7. EXCLUSI\u00d3 DE GARANTIES I RESPONSABILITAT<\/strong><br \/>\nEl Rac\u00f3 de Mil\u00fa no es fa responsable, en cap cas, dels danys i perjudicis de qualsevol naturalesa que poguessin ocasionar, a t\u00edtol enunciatiu: errors o omissions en els continguts, manca de disponibilitat del portal o la transmissi\u00f3 de virus o programes maliciosos o lesius en els continguts, tot i haver adoptat totes les mesures tecnol\u00f2giques necess\u00e0ries per evitar-ho.<\/p>\n<p><strong>8. MODIFICACIONS<\/strong><br \/>\nEl Rac\u00f3 de Mil\u00fa es reserva el dret d\u2019efectuar sense previ av\u00eds les modificacions que consideri oportunes al seu portal, podent canviar, suprimir o afegir tant els continguts i serveis que es prestin a trav\u00e9s d\u2019aquesta com la forma en qu\u00e8 aquests apareguin presentats o localitzats al vostre portal.<\/p>\n<p><strong>9. ENLLA\u00c7OS<\/strong><br \/>\nEn cas que a www.elracodemilu.com es disposessin enlla\u00e7os o hipervincles cap a altres llocs d\u2019Internet, El Rac\u00f3 de Mil\u00fa no exercir\u00e0 cap tipus de control sobre aquests llocs i continguts. En cap cas El Rac\u00f3 de Mil\u00fa assumir\u00e0 cap responsabilitat pels continguts d\u2019algun enlla\u00e7 pertanyent a un lloc web ali\u00e8, ni garantir\u00e0 la disponibilitat t\u00e8cnica, qualitat, fiabilitat, exactitud, amplitud, veracitat, validesa i constitucionalitat de qualsevol material o informaci\u00f3 continguda en cap daquests hipervincles o altres llocs d\u2019Internet. Igualment, la inclusi\u00f3 d\u2019aquestes connexions externes no implicar\u00e0 cap tipus d\u2019associaci\u00f3, fusi\u00f3 o participaci\u00f3 amb les entitats connectades.<\/p>\n<p><strong>10. DRET D\u2019EXCLUSI\u00d3<\/strong><br \/>\nEl Rac\u00f3 de Mil\u00fa es reserva el dret a denegar o retirar l\u2019acc\u00e9s a portal i\/o als serveis oferts sense necessitat de preav\u00eds, a inst\u00e0ncia pr\u00f2pia o d\u2019un tercer, a aquells usuaris que incompleixin aquestes Condicions Generals d\u2019\u00das.<\/p>\n<p><strong>11. GENERALITATS<\/strong><br \/>\nEl Rac\u00f3 de Mil\u00fa perseguir\u00e0 l\u2019incompliment de les presents condicions aix\u00ed com qualsevol utilitzaci\u00f3 indeguda del portal exercint totes les accions civils i penals que li puguin correspondre en dret.<\/p>\n<p><strong>12. MODIFICACI\u00d3 DE LES PRESENTS CONDICIONS I DURADA<\/strong><br \/>\nEl Rac\u00f3 de Mil\u00fa podr\u00e0 modificar en qualsevol moment les condicions aqu\u00ed determinades, sent degudament publicades com aqu\u00ed apareixen. La vig\u00e8ncia de les condicions esmentades anir\u00e0 en funci\u00f3 de la seva exposici\u00f3 i estaran vigents fins que siguin modificades per altres degudament publicades.<\/p>\n<p><strong>13. LEGISLACI\u00d3 APLICABLE I JURISDICCI\u00d3<\/strong><br \/>\nLa relaci\u00f3 entre El Rac\u00f3 de Mil\u00fa i l\u2019USUARI es regir\u00e0 per la normativa espanyola vigent i qualsevol controv\u00e8rsia se sotmetr\u00e0 als jutjats i tribunals de la ciutat de Barcelona.<\/p>\n<p>&nbsp;<\/p>\n<p><strong>Finan\u00e7at per la Uni\u00f3 Europea \u2013 NextGenerationEU:<\/strong><\/p>\n<p><img decoding=\"async\" class=\"size-full wp-image-4085 aligncenter\" src=\"https:\/\/www.elracodemilu.com\/wp-content\/uploads\/2023\/05\/ES-Financiado-por-la-Union-Europea_PANTONE-300x80-1.webp\" alt=\"ES-Financiado-por-la-Union-Europea\" width=\"300\" height=\"80\" \/><\/p>\n<p><img fetchpriority=\"high\" decoding=\"async\" class=\"size-full wp-image-4086 aligncenter\" src=\"https:\/\/www.elracodemilu.com\/wp-content\/uploads\/2023\/05\/Logo-PRTR-dos-lineas_COLOR-300x169-1.webp\" alt=\"Logo-PRTR-dos-lineas\" width=\"300\" height=\"169\" \/><\/p>\n<p><img decoding=\"async\" class=\"aligncenter wp-image-4088 size-full\" src=\"https:\/\/www.elracodemilu.com\/wp-content\/uploads\/2023\/05\/Logo-digitalizadores-1024x119-1.webp\" alt=\"Logo-digitalizadores\" width=\"1024\" height=\"119\" srcset=\"https:\/\/www.elracodemilu.com\/wp-content\/uploads\/2023\/05\/Logo-digitalizadores-1024x119-1.webp 1024w, https:\/\/www.elracodemilu.com\/wp-content\/uploads\/2023\/05\/Logo-digitalizadores-1024x119-1-300x35.webp 300w, https:\/\/www.elracodemilu.com\/wp-content\/uploads\/2023\/05\/Logo-digitalizadores-1024x119-1-768x89.webp 768w\" sizes=\"(max-width: 1024px) 100vw, 1024px\" \/><\/p>","protected":false},"excerpt":{"rendered":"<p>Aviso Legal 1. DATOS IDENTIFICATIVOS En cumplimiento con el deber de informaci\u00f3n recogido en art\u00edculo 10 de la Ley 34\/2002, de 11 de julio, de Servicios de la Sociedad de la Informaci\u00f3n y del Comercio Electr\u00f3nico, a continuaci\u00f3n se reflejan los siguientes datos: el titular del dominio web www.elracodemilu.com es El Rac\u00f3 de Milu S.L [&hellip;]<\/p>","protected":false},"author":2,"featured_media":0,"parent":0,"menu_order":0,"comment_status":"closed","ping_status":"closed","template":"","meta":{"site-container-style":"default","site-container-layout":"default","site-sidebar-layout":"default","site-transparent-header":"default","disable-article-header":"default","disable-site-header":"default","disable-site-footer":"default","disable-content-area-spacing":"default","footnotes":""},"class_list":["post-3871","page","type-page","status-publish","hentry"],"yoast_head":"<!-- This site is optimized with the Yoast SEO plugin v25.3.1 - https:\/\/yoast.com\/wordpress\/plugins\/seo\/ -->\n<title>Aviso Legal<\/title>\n<meta name=\"description\" content=\"Aviso Legal\" \/>\n<meta name=\"robots\" content=\"noindex, follow\" \/>\n<meta property=\"og:locale\" content=\"ca_ES\" \/>\n<meta property=\"og:type\" content=\"article\" \/>\n<meta property=\"og:title\" content=\"Aviso Legal\" \/>\n<meta property=\"og:description\" content=\"Aviso Legal\" \/>\n<meta property=\"og:url\" content=\"https:\/\/www.elracodemilu.com\/ca\/aviso-legal\/\" \/>\n<meta property=\"og:site_name\" content=\"El Rac\u00f3 de Milu\" \/>\n<meta property=\"article:publisher\" content=\"https:\/\/www.facebook.com\/elracodemilu\" \/>\n<meta property=\"article:modified_time\" content=\"2023-06-26T08:31:05+00:00\" \/>\n<meta property=\"og:image\" content=\"https:\/\/www.elracodemilu.com\/wp-content\/uploads\/2023\/05\/ES-Financiado-por-la-Union-Europea_PANTONE-300x80-1.webp\" \/>\n<meta name=\"twitter:card\" content=\"summary_large_image\" \/>\n<meta name=\"twitter:label1\" content=\"Temps estimat de lectura\" \/>\n\t<meta name=\"twitter:data1\" content=\"8 minuts\" \/>\n<script type=\"application\/ld+json\" class=\"yoast-schema-graph\">{\"@context\":\"https:\/\/schema.org\",\"@graph\":[{\"@type\":\"WebPage\",\"@id\":\"https:\/\/www.elracodemilu.com\/aviso-legal\/\",\"url\":\"https:\/\/www.elracodemilu.com\/aviso-legal\/\",\"name\":\"Aviso Legal\",\"isPartOf\":{\"@id\":\"https:\/\/www.elracodemilu.com\/#website\"},\"primaryImageOfPage\":{\"@id\":\"https:\/\/www.elracodemilu.com\/aviso-legal\/#primaryimage\"},\"image\":{\"@id\":\"https:\/\/www.elracodemilu.com\/aviso-legal\/#primaryimage\"},\"thumbnailUrl\":\"https:\/\/www.elracodemilu.com\/wp-content\/uploads\/2023\/05\/ES-Financiado-por-la-Union-Europea_PANTONE-300x80-1.webp\",\"datePublished\":\"2023-04-21T07:10:28+00:00\",\"dateModified\":\"2023-06-26T08:31:05+00:00\",\"description\":\"Aviso Legal\",\"breadcrumb\":{\"@id\":\"https:\/\/www.elracodemilu.com\/aviso-legal\/#breadcrumb\"},\"inLanguage\":\"ca\",\"potentialAction\":[{\"@type\":\"ReadAction\",\"target\":[\"https:\/\/www.elracodemilu.com\/aviso-legal\/\"]}]},{\"@type\":\"ImageObject\",\"inLanguage\":\"ca\",\"@id\":\"https:\/\/www.elracodemilu.com\/aviso-legal\/#primaryimage\",\"url\":\"https:\/\/www.elracodemilu.com\/wp-content\/uploads\/2023\/05\/ES-Financiado-por-la-Union-Europea_PANTONE-300x80-1.webp\",\"contentUrl\":\"https:\/\/www.elracodemilu.com\/wp-content\/uploads\/2023\/05\/ES-Financiado-por-la-Union-Europea_PANTONE-300x80-1.webp\"},{\"@type\":\"BreadcrumbList\",\"@id\":\"https:\/\/www.elracodemilu.com\/aviso-legal\/#breadcrumb\",\"itemListElement\":[{\"@type\":\"ListItem\",\"position\":1,\"name\":\"Portada\",\"item\":\"https:\/\/www.elracodemilu.com\/\"},{\"@type\":\"ListItem\",\"position\":2,\"name\":\"Aviso Legal\"}]},{\"@type\":\"WebSite\",\"@id\":\"https:\/\/www.elracodemilu.com\/#website\",\"url\":\"https:\/\/www.elracodemilu.com\/\",\"name\":\"El Rac\u00f3 de Mil\u00fa\",\"description\":\"\",\"publisher\":{\"@id\":\"https:\/\/www.elracodemilu.com\/#organization\"},\"potentialAction\":[{\"@type\":\"SearchAction\",\"target\":{\"@type\":\"EntryPoint\",\"urlTemplate\":\"https:\/\/www.elracodemilu.com\/?s={search_term_string}\"},\"query-input\":{\"@type\":\"PropertyValueSpecification\",\"valueRequired\":true,\"valueName\":\"search_term_string\"}}],\"inLanguage\":\"ca\"},{\"@type\":\"Organization\",\"@id\":\"https:\/\/www.elracodemilu.com\/#organization\",\"name\":\"El Rac\u00f3 de Milu\",\"url\":\"https:\/\/www.elracodemilu.com\/\",\"logo\":{\"@type\":\"ImageObject\",\"inLanguage\":\"ca\",\"@id\":\"https:\/\/www.elracodemilu.com\/#\/schema\/logo\/image\/\",\"url\":\"https:\/\/www.elracodemilu.com\/wp-content\/uploads\/2023\/05\/logo_milu-1.png\",\"contentUrl\":\"https:\/\/www.elracodemilu.com\/wp-content\/uploads\/2023\/05\/logo_milu-1.png\",\"width\":245,\"height\":111,\"caption\":\"El Rac\u00f3 de Milu\"},\"image\":{\"@id\":\"https:\/\/www.elracodemilu.com\/#\/schema\/logo\/image\/\"},\"sameAs\":[\"https:\/\/www.facebook.com\/elracodemilu\",\"https:\/\/www.instagram.com\/elracodemilu\/\"]}]}<\/script>\n<!-- \/ Yoast SEO plugin. -->","yoast_head_json":{"title":"Aviso Legal","description":"Aviso Legal","robots":{"index":"noindex","follow":"follow"},"og_locale":"ca_ES","og_type":"article","og_title":"Aviso Legal","og_description":"Aviso Legal","og_url":"https:\/\/www.elracodemilu.com\/ca\/aviso-legal\/","og_site_name":"El Rac\u00f3 de Milu","article_publisher":"https:\/\/www.facebook.com\/elracodemilu","article_modified_time":"2023-06-26T08:31:05+00:00","og_image":[{"url":"https:\/\/www.elracodemilu.com\/wp-content\/uploads\/2023\/05\/ES-Financiado-por-la-Union-Europea_PANTONE-300x80-1.webp","type":"","width":"","height":""}],"twitter_card":"summary_large_image","twitter_misc":{"Temps estimat de lectura":"8 minuts"},"schema":{"@context":"https:\/\/schema.org","@graph":[{"@type":"WebPage","@id":"https:\/\/www.elracodemilu.com\/aviso-legal\/","url":"https:\/\/www.elracodemilu.com\/aviso-legal\/","name":"Aviso Legal","isPartOf":{"@id":"https:\/\/www.elracodemilu.com\/#website"},"primaryImageOfPage":{"@id":"https:\/\/www.elracodemilu.com\/aviso-legal\/#primaryimage"},"image":{"@id":"https:\/\/www.elracodemilu.com\/aviso-legal\/#primaryimage"},"thumbnailUrl":"https:\/\/www.elracodemilu.com\/wp-content\/uploads\/2023\/05\/ES-Financiado-por-la-Union-Europea_PANTONE-300x80-1.webp","datePublished":"2023-04-21T07:10:28+00:00","dateModified":"2023-06-26T08:31:05+00:00","description":"Aviso Legal","breadcrumb":{"@id":"https:\/\/www.elracodemilu.com\/aviso-legal\/#breadcrumb"},"inLanguage":"ca","potentialAction":[{"@type":"ReadAction","target":["https:\/\/www.elracodemilu.com\/aviso-legal\/"]}]},{"@type":"ImageObject","inLanguage":"ca","@id":"https:\/\/www.elracodemilu.com\/aviso-legal\/#primaryimage","url":"https:\/\/www.elracodemilu.com\/wp-content\/uploads\/2023\/05\/ES-Financiado-por-la-Union-Europea_PANTONE-300x80-1.webp","contentUrl":"https:\/\/www.elracodemilu.com\/wp-content\/uploads\/2023\/05\/ES-Financiado-por-la-Union-Europea_PANTONE-300x80-1.webp"},{"@type":"BreadcrumbList","@id":"https:\/\/www.elracodemilu.com\/aviso-legal\/#breadcrumb","itemListElement":[{"@type":"ListItem","position":1,"name":"Portada","item":"https:\/\/www.elracodemilu.com\/"},{"@type":"ListItem","position":2,"name":"Aviso Legal"}]},{"@type":"WebSite","@id":"https:\/\/www.elracodemilu.com\/#website","url":"https:\/\/www.elracodemilu.com\/","name":"El Rac\u00f3 de Mil\u00fa","description":"","publisher":{"@id":"https:\/\/www.elracodemilu.com\/#organization"},"potentialAction":[{"@type":"SearchAction","target":{"@type":"EntryPoint","urlTemplate":"https:\/\/www.elracodemilu.com\/?s={search_term_string}"},"query-input":{"@type":"PropertyValueSpecification","valueRequired":true,"valueName":"search_term_string"}}],"inLanguage":"ca"},{"@type":"Organization","@id":"https:\/\/www.elracodemilu.com\/#organization","name":"El Rac\u00f3 de Milu","url":"https:\/\/www.elracodemilu.com\/","logo":{"@type":"ImageObject","inLanguage":"ca","@id":"https:\/\/www.elracodemilu.com\/#\/schema\/logo\/image\/","url":"https:\/\/www.elracodemilu.com\/wp-content\/uploads\/2023\/05\/logo_milu-1.png","contentUrl":"https:\/\/www.elracodemilu.com\/wp-content\/uploads\/2023\/05\/logo_milu-1.png","width":245,"height":111,"caption":"El Rac\u00f3 de Milu"},"image":{"@id":"https:\/\/www.elracodemilu.com\/#\/schema\/logo\/image\/"},"sameAs":["https:\/\/www.facebook.com\/elracodemilu","https:\/\/www.instagram.com\/elracodemilu\/"]}]}},"_links":{"self":[{"href":"https:\/\/www.elracodemilu.com\/ca\/wp-json\/wp\/v2\/pages\/3871","targetHints":{"allow":["GET"]}}],"collection":[{"href":"https:\/\/www.elracodemilu.com\/ca\/wp-json\/wp\/v2\/pages"}],"about":[{"href":"https:\/\/www.elracodemilu.com\/ca\/wp-json\/wp\/v2\/types\/page"}],"author":[{"embeddable":true,"href":"https:\/\/www.elracodemilu.com\/ca\/wp-json\/wp\/v2\/users\/2"}],"replies":[{"embeddable":true,"href":"https:\/\/www.elracodemilu.com\/ca\/wp-json\/wp\/v2\/comments?post=3871"}],"version-history":[{"count":5,"href":"https:\/\/www.elracodemilu.com\/ca\/wp-json\/wp\/v2\/pages\/3871\/revisions"}],"predecessor-version":[{"id":5022,"href":"https:\/\/www.elracodemilu.com\/ca\/wp-json\/wp\/v2\/pages\/3871\/revisions\/5022"}],"wp:attachment":[{"href":"https:\/\/www.elracodemilu.com\/ca\/wp-json\/wp\/v2\/media?parent=3871"}],"curies":[{"name":"wp","href":"https:\/\/api.w.org\/{rel}","templated":true}]}}