{"id":3162,"date":"2023-03-01T14:13:21","date_gmt":"2023-03-01T14:13:21","guid":{"rendered":"http:\/\/milu.devel8.com\/?page_id=3162"},"modified":"2025-05-14T09:53:21","modified_gmt":"2025-05-14T09:53:21","slug":"terapias-asistidas-2","status":"publish","type":"page","link":"https:\/\/www.elracodemilu.com\/ca\/terapias-asistidas-2\/","title":{"rendered":"Formaci\u00f3 ter\u00e0pia assistida"},"content":{"rendered":"<figure class=\"wp-block-image alignfull size-large\"><img fetchpriority=\"high\" decoding=\"async\" width=\"1024\" height=\"325\" src=\"https:\/\/www.elracodemilu.com\/wp-content\/uploads\/2023\/05\/formacion-1-1024x325.jpg\" alt=\"formacion\" class=\"wp-image-4078\" srcset=\"https:\/\/www.elracodemilu.com\/wp-content\/uploads\/2023\/05\/formacion-1-1024x325.jpg 1024w, https:\/\/www.elracodemilu.com\/wp-content\/uploads\/2023\/05\/formacion-1-300x95.jpg 300w, https:\/\/www.elracodemilu.com\/wp-content\/uploads\/2023\/05\/formacion-1-768x244.jpg 768w, https:\/\/www.elracodemilu.com\/wp-content\/uploads\/2023\/05\/formacion-1-1536x488.jpg 1536w, https:\/\/www.elracodemilu.com\/wp-content\/uploads\/2023\/05\/formacion-1.jpg 1920w\" sizes=\"(max-width: 1024px) 100vw, 1024px\" \/><\/figure>\n\n\n\n<h1 class=\"wp-block-heading has-text-align-center\">Formacions<\/h1>\n\n\n\n<p class=\"has-text-align-center\" style=\"padding-right:var(--wp--preset--spacing--40);padding-left:var(--wp--preset--spacing--40)\">Des del 2008 hem participat en el desenvolupament i creaci\u00f3 de diferents M\u00e0sters i Postgraus sobre Intervencions Assistides amb Animals de diverses universitats com la Facultat d'Educaci\u00f3 Social de la Universitat de Barcelona i de Girona, Facultat de Medicina de Sevilla, Facultat d'Andorra, Facultat de Veterin\u00e0ria de C\u00f2rdova, Facultat de Psicologia de Lisboa o la de Veterin\u00e0ria de la Universitat Aut\u00f2noma de les Am\u00e8riques de Medell\u00edn (Col\u00f2mbia).Actualment i des de l'any 2022 dirigim un Postgrau sobre Intervencions Assistides amb Animals juntament amb l'Institut de Formaci\u00f3 Cont\u00ednua-IL3 i la Universitat de Barcelona.Tamb\u00e9 impartim classes i cursos sobre IAA i Educaci\u00f3 canina i felina a Espanya, Andorra, Portugal i Col\u00f2mbia<\/p>\n\n\n\n<div style=\"height:50px\" aria-hidden=\"true\" class=\"wp-block-spacer\"><\/div>\n\n\n\n<div class=\"wp-block-query has-global-padding is-content-justification-center is-layout-constrained wp-container-core-query-is-layout-91bde7bd wp-block-query-is-layout-constrained\"><ul class=\"columns-3 wp-block-post-template has-background has-kenta-base-100-background-color has-kenta-font-small-font-size is-layout-grid wp-container-core-post-template-is-layout-10753265 wp-block-post-template-is-layout-grid\"><li class=\"wp-block-post post-7172 post type-post status-publish format-standard has-post-thumbnail hentry category-formacion\">\n\n<div class=\"wp-block-columns are-vertically-aligned-center has-border-color has-kenta-base-300-border-color has-kenta-font-small-font-size is-layout-flex wp-container-core-columns-is-layout-de1a6426 wp-block-columns-is-layout-flex\" style=\"border-width:2px;border-radius:20px;margin-top:0;margin-bottom:0;padding-top:var(--wp--preset--spacing--20);padding-right:var(--wp--preset--spacing--30);padding-bottom:var(--wp--preset--spacing--20);padding-left:var(--wp--preset--spacing--30);box-shadow:var(--wp--preset--shadow--natural)\">\n<div class=\"wp-block-column is-vertically-aligned-center has-kenta-base-background-color has-background has-global-padding is-layout-constrained wp-container-core-column-is-layout-e51438f5 wp-block-column-is-layout-constrained\" style=\"border-style:none;border-width:0px;padding-top:var(--wp--preset--spacing--30);padding-right:var(--wp--preset--spacing--30);padding-bottom:var(--wp--preset--spacing--30);padding-left:var(--wp--preset--spacing--30);flex-basis:100%\"><figure class=\"wp-block-post-featured-image\"><a href=\"https:\/\/www.elracodemilu.com\/ca\/formacion-en-intervenciones-asistidas-con-perros\/\" target=\"_self\"  ><img decoding=\"async\" width=\"1080\" height=\"1080\" src=\"https:\/\/www.elracodemilu.com\/wp-content\/uploads\/2025\/05\/WORKSHOP-CON-CARLOS-BUEREN.jpg\" class=\"attachment-post-thumbnail size-post-thumbnail wp-post-image\" alt=\"WORKSHOP                       \u00abTIMING, CRITERIO Y TASA DE REFORZAMINETO\u00bb\" style=\"border-radius:20px;object-fit:cover;\" srcset=\"https:\/\/www.elracodemilu.com\/wp-content\/uploads\/2025\/05\/WORKSHOP-CON-CARLOS-BUEREN.jpg 1080w, https:\/\/www.elracodemilu.com\/wp-content\/uploads\/2025\/05\/WORKSHOP-CON-CARLOS-BUEREN-300x300.jpg 300w, https:\/\/www.elracodemilu.com\/wp-content\/uploads\/2025\/05\/WORKSHOP-CON-CARLOS-BUEREN-1024x1024.jpg 1024w, https:\/\/www.elracodemilu.com\/wp-content\/uploads\/2025\/05\/WORKSHOP-CON-CARLOS-BUEREN-150x150.jpg 150w, https:\/\/www.elracodemilu.com\/wp-content\/uploads\/2025\/05\/WORKSHOP-CON-CARLOS-BUEREN-768x768.jpg 768w, https:\/\/www.elracodemilu.com\/wp-content\/uploads\/2025\/05\/WORKSHOP-CON-CARLOS-BUEREN-12x12.jpg 12w\" sizes=\"(max-width: 1080px) 100vw, 1080px\" \/><\/a><\/figure>\n\n\n<div style=\"height:25px\" aria-hidden=\"true\" class=\"wp-block-spacer\"><\/div>\n\n\n<h4 style=\"padding-top:0;padding-bottom:0;margin-top:0;margin-bottom:0;margin-left:0;margin-right:0;\" class=\"has-link-color wp-elements-f0ea8f0c7ab58c158c6c72599778de00 wp-block-post-title has-text-color has-kenta-accent-color has-kenta-font-xsmall-font-size\"><a href=\"https:\/\/www.elracodemilu.com\/ca\/formacion-en-intervenciones-asistidas-con-perros\/\" target=\"_self\" >WORKSHOPR \"TIMING, CRITERI I TASA DE REFOR\u00c7AMENT\"<\/a><\/h4><\/div>\n<\/div>\n\n<\/li><li class=\"wp-block-post post-6592 post type-post status-publish format-standard has-post-thumbnail hentry category-formacion\">\n\n<div class=\"wp-block-columns are-vertically-aligned-center has-border-color has-kenta-base-300-border-color has-kenta-font-small-font-size is-layout-flex wp-container-core-columns-is-layout-de1a6426 wp-block-columns-is-layout-flex\" style=\"border-width:2px;border-radius:20px;margin-top:0;margin-bottom:0;padding-top:var(--wp--preset--spacing--20);padding-right:var(--wp--preset--spacing--30);padding-bottom:var(--wp--preset--spacing--20);padding-left:var(--wp--preset--spacing--30);box-shadow:var(--wp--preset--shadow--natural)\">\n<div class=\"wp-block-column is-vertically-aligned-center has-kenta-base-background-color has-background has-global-padding is-layout-constrained wp-container-core-column-is-layout-e51438f5 wp-block-column-is-layout-constrained\" style=\"border-style:none;border-width:0px;padding-top:var(--wp--preset--spacing--30);padding-right:var(--wp--preset--spacing--30);padding-bottom:var(--wp--preset--spacing--30);padding-left:var(--wp--preset--spacing--30);flex-basis:100%\"><figure class=\"wp-block-post-featured-image\"><a href=\"https:\/\/www.elracodemilu.com\/ca\/posgrado-en-intervenciones-asistidas-con-perros\/\" target=\"_self\"  ><img decoding=\"async\" width=\"885\" height=\"585\" src=\"https:\/\/www.elracodemilu.com\/wp-content\/uploads\/2024\/12\/0000_formaciones-2.jpg\" class=\"attachment-post-thumbnail size-post-thumbnail wp-post-image\" alt=\"POSGRADO EN INTERVENCIONES ASISTIDAS CON PERROS\" style=\"border-radius:20px;object-fit:cover;\" srcset=\"https:\/\/www.elracodemilu.com\/wp-content\/uploads\/2024\/12\/0000_formaciones-2.jpg 885w, https:\/\/www.elracodemilu.com\/wp-content\/uploads\/2024\/12\/0000_formaciones-2-300x198.jpg 300w, https:\/\/www.elracodemilu.com\/wp-content\/uploads\/2024\/12\/0000_formaciones-2-768x508.jpg 768w, https:\/\/www.elracodemilu.com\/wp-content\/uploads\/2024\/12\/0000_formaciones-2-18x12.jpg 18w\" sizes=\"(max-width: 885px) 100vw, 885px\" \/><\/a><\/figure>\n\n\n<div style=\"height:25px\" aria-hidden=\"true\" class=\"wp-block-spacer\"><\/div>\n\n\n<h4 style=\"padding-top:0;padding-bottom:0;margin-top:0;margin-bottom:0;margin-left:0;margin-right:0;\" class=\"has-link-color wp-elements-f0ea8f0c7ab58c158c6c72599778de00 wp-block-post-title has-text-color has-kenta-accent-color has-kenta-font-xsmall-font-size\"><a href=\"https:\/\/www.elracodemilu.com\/ca\/posgrado-en-intervenciones-asistidas-con-perros\/\" target=\"_self\" >POSTGRAU EN INTERVENCIONS ASSISTIDES AMB GOSSOS<\/a><\/h4><\/div>\n<\/div>\n\n<\/li><li class=\"wp-block-post post-5601 post type-post status-publish format-standard has-post-thumbnail hentry category-formacion\">\n\n<div class=\"wp-block-columns are-vertically-aligned-center has-border-color has-kenta-base-300-border-color has-kenta-font-small-font-size is-layout-flex wp-container-core-columns-is-layout-de1a6426 wp-block-columns-is-layout-flex\" style=\"border-width:2px;border-radius:20px;margin-top:0;margin-bottom:0;padding-top:var(--wp--preset--spacing--20);padding-right:var(--wp--preset--spacing--30);padding-bottom:var(--wp--preset--spacing--20);padding-left:var(--wp--preset--spacing--30);box-shadow:var(--wp--preset--shadow--natural)\">\n<div class=\"wp-block-column is-vertically-aligned-center has-kenta-base-background-color has-background has-global-padding is-layout-constrained wp-container-core-column-is-layout-e51438f5 wp-block-column-is-layout-constrained\" style=\"border-style:none;border-width:0px;padding-top:var(--wp--preset--spacing--30);padding-right:var(--wp--preset--spacing--30);padding-bottom:var(--wp--preset--spacing--30);padding-left:var(--wp--preset--spacing--30);flex-basis:100%\"><figure class=\"wp-block-post-featured-image\"><a href=\"https:\/\/www.elracodemilu.com\/ca\/postgrado-en-intervenciones-asistidas-con-perros-semipresencial\/\" target=\"_self\"  ><img loading=\"lazy\" decoding=\"async\" width=\"885\" height=\"585\" src=\"https:\/\/www.elracodemilu.com\/wp-content\/uploads\/2024\/12\/0001_formaciones-1.jpg\" class=\"attachment-post-thumbnail size-post-thumbnail wp-post-image\" alt=\"M\u00c1STER EN INTERVENCIONES ASISTIDAS CON PERROS Y GATOS\" style=\"border-radius:20px;object-fit:cover;\" srcset=\"https:\/\/www.elracodemilu.com\/wp-content\/uploads\/2024\/12\/0001_formaciones-1.jpg 885w, https:\/\/www.elracodemilu.com\/wp-content\/uploads\/2024\/12\/0001_formaciones-1-300x198.jpg 300w, https:\/\/www.elracodemilu.com\/wp-content\/uploads\/2024\/12\/0001_formaciones-1-768x508.jpg 768w, https:\/\/www.elracodemilu.com\/wp-content\/uploads\/2024\/12\/0001_formaciones-1-18x12.jpg 18w\" sizes=\"(max-width: 885px) 100vw, 885px\" \/><\/a><\/figure>\n\n\n<div style=\"height:25px\" aria-hidden=\"true\" class=\"wp-block-spacer\"><\/div>\n\n\n<h4 style=\"padding-top:0;padding-bottom:0;margin-top:0;margin-bottom:0;margin-left:0;margin-right:0;\" class=\"has-link-color wp-elements-f0ea8f0c7ab58c158c6c72599778de00 wp-block-post-title has-text-color has-kenta-accent-color has-kenta-font-xsmall-font-size\"><a href=\"https:\/\/www.elracodemilu.com\/ca\/postgrado-en-intervenciones-asistidas-con-perros-semipresencial\/\" target=\"_self\" >M\u00c0STER EN INTERVENCIONS ASSISTIDES AMB GOSSOS I GATS<\/a><\/h4><\/div>\n<\/div>\n\n<\/li><li class=\"wp-block-post post-5598 post type-post status-publish format-standard has-post-thumbnail hentry category-formacion\">\n\n<div class=\"wp-block-columns are-vertically-aligned-center has-border-color has-kenta-base-300-border-color has-kenta-font-small-font-size is-layout-flex wp-container-core-columns-is-layout-de1a6426 wp-block-columns-is-layout-flex\" style=\"border-width:2px;border-radius:20px;margin-top:0;margin-bottom:0;padding-top:var(--wp--preset--spacing--20);padding-right:var(--wp--preset--spacing--30);padding-bottom:var(--wp--preset--spacing--20);padding-left:var(--wp--preset--spacing--30);box-shadow:var(--wp--preset--shadow--natural)\">\n<div class=\"wp-block-column is-vertically-aligned-center has-kenta-base-background-color has-background has-global-padding is-layout-constrained wp-container-core-column-is-layout-e51438f5 wp-block-column-is-layout-constrained\" style=\"border-style:none;border-width:0px;padding-top:var(--wp--preset--spacing--30);padding-right:var(--wp--preset--spacing--30);padding-bottom:var(--wp--preset--spacing--30);padding-left:var(--wp--preset--spacing--30);flex-basis:100%\"><figure class=\"wp-block-post-featured-image\"><a href=\"https:\/\/www.elracodemilu.com\/ca\/los-gatos-y-las-terapias-asistidas-con-animales\/\" target=\"_self\"  ><img loading=\"lazy\" decoding=\"async\" width=\"885\" height=\"585\" src=\"https:\/\/www.elracodemilu.com\/wp-content\/uploads\/2022\/04\/gatos-3.jpg\" class=\"attachment-post-thumbnail size-post-thumbnail wp-post-image\" alt=\"LOS GATOS Y LAS TERAPIAS ASISTIDAS CON ANIMALES &#8211; ONLINE\" style=\"border-radius:20px;object-fit:cover;\" srcset=\"https:\/\/www.elracodemilu.com\/wp-content\/uploads\/2022\/04\/gatos-3.jpg 885w, https:\/\/www.elracodemilu.com\/wp-content\/uploads\/2022\/04\/gatos-3-300x198.jpg 300w, https:\/\/www.elracodemilu.com\/wp-content\/uploads\/2022\/04\/gatos-3-768x508.jpg 768w, https:\/\/www.elracodemilu.com\/wp-content\/uploads\/2022\/04\/gatos-3-18x12.jpg 18w\" sizes=\"(max-width: 885px) 100vw, 885px\" \/><\/a><\/figure>\n\n\n<div style=\"height:25px\" aria-hidden=\"true\" class=\"wp-block-spacer\"><\/div>\n\n\n<h4 style=\"padding-top:0;padding-bottom:0;margin-top:0;margin-bottom:0;margin-left:0;margin-right:0;\" class=\"has-link-color wp-elements-f0ea8f0c7ab58c158c6c72599778de00 wp-block-post-title has-text-color has-kenta-accent-color has-kenta-font-xsmall-font-size\"><a href=\"https:\/\/www.elracodemilu.com\/ca\/los-gatos-y-las-terapias-asistidas-con-animales\/\" target=\"_self\" >ELS GATS I LES TER\u00c0PIES ASSISTIDES AMB ANIMALS \u2013 ONLINE<\/a><\/h4><\/div>\n<\/div>\n\n<\/li><\/ul><\/div>","protected":false},"excerpt":{"rendered":"<p>Formaciones Desde el 2008 hemos participado en el desarrollo y la creaci\u00f3n de diferentes M\u00e1steres y Posgrados sobre Intervenciones Asistidas con Animales de diversas universidades como la Facultad de Educaci\u00f3n Social de la Universidad de Barcelona y de Girona, Facultad de Medicina de Sevilla, Facultad de Andorra, Facultad de Veterinaria de C\u00f3rdoba, Facultad de Psicolog\u00eda [&hellip;]<\/p>","protected":false},"author":2,"featured_media":0,"parent":0,"menu_order":0,"comment_status":"closed","ping_status":"closed","template":"","meta":{"site-container-style":"default","site-container-layout":"default","site-sidebar-layout":"default","site-transparent-header":"default","disable-article-header":"default","disable-site-header":"default","disable-site-footer":"default","disable-content-area-spacing":"default","footnotes":""},"class_list":["post-3162","page","type-page","status-publish","hentry"],"yoast_head":"<!-- This site is optimized with the Yoast SEO plugin v25.3.1 - https:\/\/yoast.com\/wordpress\/plugins\/seo\/ -->\n<title>Cursos de Terapias Asistidas con Animales. El Rac\u00f3 de Milu<\/title>\n<meta name=\"description\" content=\"Convi\u00e9rtete en un profesional de las terapias asistidas con animales y el adiestramiento. El Rac\u00f3 de Milu te ofrece cursos especializados. Empieza hoy\" \/>\n<meta name=\"robots\" content=\"index, follow, max-snippet:-1, max-image-preview:large, max-video-preview:-1\" \/>\n<link rel=\"canonical\" href=\"https:\/\/www.elracodemilu.com\/ca\/terapias-asistidas-2\/\" \/>\n<meta property=\"og:locale\" content=\"ca_ES\" \/>\n<meta property=\"og:type\" content=\"article\" \/>\n<meta property=\"og:title\" content=\"Cursos de Terapias Asistidas con Animales. El Rac\u00f3 de Milu\" \/>\n<meta property=\"og:description\" content=\"Convi\u00e9rtete en un profesional de las terapias asistidas con animales y el adiestramiento. El Rac\u00f3 de Milu te ofrece cursos especializados. Empieza hoy\" \/>\n<meta property=\"og:url\" content=\"https:\/\/www.elracodemilu.com\/ca\/terapias-asistidas-2\/\" \/>\n<meta property=\"og:site_name\" content=\"El Rac\u00f3 de Milu\" \/>\n<meta property=\"article:publisher\" content=\"https:\/\/www.facebook.com\/elracodemilu\" \/>\n<meta property=\"article:modified_time\" content=\"2025-05-14T09:53:21+00:00\" \/>\n<meta property=\"og:image\" content=\"https:\/\/www.elracodemilu.com\/wp-content\/uploads\/2023\/05\/formacion-1.jpg\" \/>\n\t<meta property=\"og:image:width\" content=\"1920\" \/>\n\t<meta property=\"og:image:height\" content=\"610\" \/>\n\t<meta property=\"og:image:type\" content=\"image\/jpeg\" \/>\n<meta name=\"twitter:card\" content=\"summary_large_image\" \/>\n<meta name=\"twitter:label1\" content=\"Temps estimat de lectura\" \/>\n\t<meta name=\"twitter:data1\" content=\"1 minut\" \/>\n<script type=\"application\/ld+json\" class=\"yoast-schema-graph\">{\"@context\":\"https:\/\/schema.org\",\"@graph\":[{\"@type\":\"WebPage\",\"@id\":\"https:\/\/www.elracodemilu.com\/terapias-asistidas-2\/\",\"url\":\"https:\/\/www.elracodemilu.com\/terapias-asistidas-2\/\",\"name\":\"Cursos de Terapias Asistidas con Animales. El Rac\u00f3 de Milu\",\"isPartOf\":{\"@id\":\"https:\/\/www.elracodemilu.com\/#website\"},\"primaryImageOfPage\":{\"@id\":\"https:\/\/www.elracodemilu.com\/terapias-asistidas-2\/#primaryimage\"},\"image\":{\"@id\":\"https:\/\/www.elracodemilu.com\/terapias-asistidas-2\/#primaryimage\"},\"thumbnailUrl\":\"https:\/\/www.elracodemilu.com\/wp-content\/uploads\/2023\/05\/formacion-1-1024x325.jpg\",\"datePublished\":\"2023-03-01T14:13:21+00:00\",\"dateModified\":\"2025-05-14T09:53:21+00:00\",\"description\":\"Convi\u00e9rtete en un profesional de las terapias asistidas con animales y el adiestramiento. El Rac\u00f3 de Milu te ofrece cursos especializados. Empieza hoy\",\"breadcrumb\":{\"@id\":\"https:\/\/www.elracodemilu.com\/terapias-asistidas-2\/#breadcrumb\"},\"inLanguage\":\"ca\",\"potentialAction\":[{\"@type\":\"ReadAction\",\"target\":[\"https:\/\/www.elracodemilu.com\/terapias-asistidas-2\/\"]}]},{\"@type\":\"ImageObject\",\"inLanguage\":\"ca\",\"@id\":\"https:\/\/www.elracodemilu.com\/terapias-asistidas-2\/#primaryimage\",\"url\":\"https:\/\/www.elracodemilu.com\/wp-content\/uploads\/2023\/05\/formacion-1-1024x325.jpg\",\"contentUrl\":\"https:\/\/www.elracodemilu.com\/wp-content\/uploads\/2023\/05\/formacion-1-1024x325.jpg\"},{\"@type\":\"BreadcrumbList\",\"@id\":\"https:\/\/www.elracodemilu.com\/terapias-asistidas-2\/#breadcrumb\",\"itemListElement\":[{\"@type\":\"ListItem\",\"position\":1,\"name\":\"Portada\",\"item\":\"https:\/\/www.elracodemilu.com\/\"},{\"@type\":\"ListItem\",\"position\":2,\"name\":\"Formaci\u00f3n terapia asistida\"}]},{\"@type\":\"WebSite\",\"@id\":\"https:\/\/www.elracodemilu.com\/#website\",\"url\":\"https:\/\/www.elracodemilu.com\/\",\"name\":\"El Rac\u00f3 de Mil\u00fa\",\"description\":\"\",\"publisher\":{\"@id\":\"https:\/\/www.elracodemilu.com\/#organization\"},\"potentialAction\":[{\"@type\":\"SearchAction\",\"target\":{\"@type\":\"EntryPoint\",\"urlTemplate\":\"https:\/\/www.elracodemilu.com\/?s={search_term_string}\"},\"query-input\":{\"@type\":\"PropertyValueSpecification\",\"valueRequired\":true,\"valueName\":\"search_term_string\"}}],\"inLanguage\":\"ca\"},{\"@type\":\"Organization\",\"@id\":\"https:\/\/www.elracodemilu.com\/#organization\",\"name\":\"El Rac\u00f3 de Milu\",\"url\":\"https:\/\/www.elracodemilu.com\/\",\"logo\":{\"@type\":\"ImageObject\",\"inLanguage\":\"ca\",\"@id\":\"https:\/\/www.elracodemilu.com\/#\/schema\/logo\/image\/\",\"url\":\"https:\/\/www.elracodemilu.com\/wp-content\/uploads\/2023\/05\/logo_milu-1.png\",\"contentUrl\":\"https:\/\/www.elracodemilu.com\/wp-content\/uploads\/2023\/05\/logo_milu-1.png\",\"width\":245,\"height\":111,\"caption\":\"El Rac\u00f3 de Milu\"},\"image\":{\"@id\":\"https:\/\/www.elracodemilu.com\/#\/schema\/logo\/image\/\"},\"sameAs\":[\"https:\/\/www.facebook.com\/elracodemilu\",\"https:\/\/www.instagram.com\/elracodemilu\/\"]}]}<\/script>\n<!-- \/ Yoast SEO plugin. -->","yoast_head_json":{"title":"Cursos de Terapias Asistidas con Animales. El Rac\u00f3 de Milu","description":"Convi\u00e9rtete en un profesional de las terapias asistidas con animales y el adiestramiento. El Rac\u00f3 de Milu te ofrece cursos especializados. Empieza hoy","robots":{"index":"index","follow":"follow","max-snippet":"max-snippet:-1","max-image-preview":"max-image-preview:large","max-video-preview":"max-video-preview:-1"},"canonical":"https:\/\/www.elracodemilu.com\/ca\/terapias-asistidas-2\/","og_locale":"ca_ES","og_type":"article","og_title":"Cursos de Terapias Asistidas con Animales. El Rac\u00f3 de Milu","og_description":"Convi\u00e9rtete en un profesional de las terapias asistidas con animales y el adiestramiento. El Rac\u00f3 de Milu te ofrece cursos especializados. Empieza hoy","og_url":"https:\/\/www.elracodemilu.com\/ca\/terapias-asistidas-2\/","og_site_name":"El Rac\u00f3 de Milu","article_publisher":"https:\/\/www.facebook.com\/elracodemilu","article_modified_time":"2025-05-14T09:53:21+00:00","og_image":[{"width":1920,"height":610,"url":"https:\/\/www.elracodemilu.com\/wp-content\/uploads\/2023\/05\/formacion-1.jpg","type":"image\/jpeg"}],"twitter_card":"summary_large_image","twitter_misc":{"Temps estimat de lectura":"1 minut"},"schema":{"@context":"https:\/\/schema.org","@graph":[{"@type":"WebPage","@id":"https:\/\/www.elracodemilu.com\/terapias-asistidas-2\/","url":"https:\/\/www.elracodemilu.com\/terapias-asistidas-2\/","name":"Cursos de Terapias Asistidas con Animales. El Rac\u00f3 de Milu","isPartOf":{"@id":"https:\/\/www.elracodemilu.com\/#website"},"primaryImageOfPage":{"@id":"https:\/\/www.elracodemilu.com\/terapias-asistidas-2\/#primaryimage"},"image":{"@id":"https:\/\/www.elracodemilu.com\/terapias-asistidas-2\/#primaryimage"},"thumbnailUrl":"https:\/\/www.elracodemilu.com\/wp-content\/uploads\/2023\/05\/formacion-1-1024x325.jpg","datePublished":"2023-03-01T14:13:21+00:00","dateModified":"2025-05-14T09:53:21+00:00","description":"Convi\u00e9rtete en un profesional de las terapias asistidas con animales y el adiestramiento. El Rac\u00f3 de Milu te ofrece cursos especializados. Empieza hoy","breadcrumb":{"@id":"https:\/\/www.elracodemilu.com\/terapias-asistidas-2\/#breadcrumb"},"inLanguage":"ca","potentialAction":[{"@type":"ReadAction","target":["https:\/\/www.elracodemilu.com\/terapias-asistidas-2\/"]}]},{"@type":"ImageObject","inLanguage":"ca","@id":"https:\/\/www.elracodemilu.com\/terapias-asistidas-2\/#primaryimage","url":"https:\/\/www.elracodemilu.com\/wp-content\/uploads\/2023\/05\/formacion-1-1024x325.jpg","contentUrl":"https:\/\/www.elracodemilu.com\/wp-content\/uploads\/2023\/05\/formacion-1-1024x325.jpg"},{"@type":"BreadcrumbList","@id":"https:\/\/www.elracodemilu.com\/terapias-asistidas-2\/#breadcrumb","itemListElement":[{"@type":"ListItem","position":1,"name":"Portada","item":"https:\/\/www.elracodemilu.com\/"},{"@type":"ListItem","position":2,"name":"Formaci\u00f3n terapia asistida"}]},{"@type":"WebSite","@id":"https:\/\/www.elracodemilu.com\/#website","url":"https:\/\/www.elracodemilu.com\/","name":"El Rac\u00f3 de Mil\u00fa","description":"","publisher":{"@id":"https:\/\/www.elracodemilu.com\/#organization"},"potentialAction":[{"@type":"SearchAction","target":{"@type":"EntryPoint","urlTemplate":"https:\/\/www.elracodemilu.com\/?s={search_term_string}"},"query-input":{"@type":"PropertyValueSpecification","valueRequired":true,"valueName":"search_term_string"}}],"inLanguage":"ca"},{"@type":"Organization","@id":"https:\/\/www.elracodemilu.com\/#organization","name":"El Rac\u00f3 de Milu","url":"https:\/\/www.elracodemilu.com\/","logo":{"@type":"ImageObject","inLanguage":"ca","@id":"https:\/\/www.elracodemilu.com\/#\/schema\/logo\/image\/","url":"https:\/\/www.elracodemilu.com\/wp-content\/uploads\/2023\/05\/logo_milu-1.png","contentUrl":"https:\/\/www.elracodemilu.com\/wp-content\/uploads\/2023\/05\/logo_milu-1.png","width":245,"height":111,"caption":"El Rac\u00f3 de Milu"},"image":{"@id":"https:\/\/www.elracodemilu.com\/#\/schema\/logo\/image\/"},"sameAs":["https:\/\/www.facebook.com\/elracodemilu","https:\/\/www.instagram.com\/elracodemilu\/"]}]}},"_links":{"self":[{"href":"https:\/\/www.elracodemilu.com\/ca\/wp-json\/wp\/v2\/pages\/3162","targetHints":{"allow":["GET"]}}],"collection":[{"href":"https:\/\/www.elracodemilu.com\/ca\/wp-json\/wp\/v2\/pages"}],"about":[{"href":"https:\/\/www.elracodemilu.com\/ca\/wp-json\/wp\/v2\/types\/page"}],"author":[{"embeddable":true,"href":"https:\/\/www.elracodemilu.com\/ca\/wp-json\/wp\/v2\/users\/2"}],"replies":[{"embeddable":true,"href":"https:\/\/www.elracodemilu.com\/ca\/wp-json\/wp\/v2\/comments?post=3162"}],"version-history":[{"count":77,"href":"https:\/\/www.elracodemilu.com\/ca\/wp-json\/wp\/v2\/pages\/3162\/revisions"}],"predecessor-version":[{"id":6739,"href":"https:\/\/www.elracodemilu.com\/ca\/wp-json\/wp\/v2\/pages\/3162\/revisions\/6739"}],"wp:attachment":[{"href":"https:\/\/www.elracodemilu.com\/ca\/wp-json\/wp\/v2\/media?parent=3162"}],"curies":[{"name":"wp","href":"https:\/\/api.w.org\/{rel}","templated":true}]}}